{"id":81,"date":"2024-02-12T18:03:46","date_gmt":"2024-02-12T17:03:46","guid":{"rendered":"https:\/\/geraldinefredon.com\/?page_id=81"},"modified":"2026-04-03T19:10:28","modified_gmt":"2026-04-03T17:10:28","slug":"le-triptyque-lart-le-verbe-son-et-la-couleur","status":"publish","type":"page","link":"https:\/\/geraldinefredon.com\/index.php\/le-triptyque-lart-le-verbe-son-et-la-couleur\/","title":{"rendered":"\u201cL\u2019art, le Verbe\/Son et la Couleur\u201c\u00a0*"},"content":{"rendered":"\n<p><em>&#8220;L&#8217;Art est une des formes les plus puissantes de pri\u00e8re&#8221;<\/em> \u2022 JULIA CAMERON<\/p>\n\n\n\n<figure class=\"wp-block-image size-large\"><img loading=\"lazy\" decoding=\"async\" width=\"1024\" height=\"329\" src=\"https:\/\/geraldinefredon.com\/wp-content\/uploads\/2024\/03\/FORMAT-Bandeau-rubriques-les-3-1024x329.jpg\" alt=\"\" class=\"wp-image-101\" srcset=\"https:\/\/geraldinefredon.com\/wp-content\/uploads\/2024\/03\/FORMAT-Bandeau-rubriques-les-3-1024x329.jpg 1024w, https:\/\/geraldinefredon.com\/wp-content\/uploads\/2024\/03\/FORMAT-Bandeau-rubriques-les-3-300x96.jpg 300w, https:\/\/geraldinefredon.com\/wp-content\/uploads\/2024\/03\/FORMAT-Bandeau-rubriques-les-3-768x247.jpg 768w, https:\/\/geraldinefredon.com\/wp-content\/uploads\/2024\/03\/FORMAT-Bandeau-rubriques-les-3-1536x494.jpg 1536w, https:\/\/geraldinefredon.com\/wp-content\/uploads\/2024\/03\/FORMAT-Bandeau-rubriques-les-3-2048x658.jpg 2048w, https:\/\/geraldinefredon.com\/wp-content\/uploads\/2024\/03\/FORMAT-Bandeau-rubriques-les-3-187x60.jpg 187w\" sizes=\"(max-width: 1024px) 100vw, 1024px\" \/><\/figure>\n\n\n\n<p><sup>Toutes les photos du site, (celles N&amp;B \u00e0 gauche) inscrites dans l&#8217;image mixte N&amp;B-couleur qui servent de panneaux de pr\u00e9sentation au rubriques, sont de \u201cPauline Bernadet<\/sup>\u201c.<\/p>\n\n\n\n<p><em>\u201cAu fond, je me rends compte que toutes mes propositions (webinaires, stages, accompagnements&#8230;) sont une invitation \u00e0 ce retour \u00e0 nos r\u00e9elles possibilit\u00e9s\u201c<\/em> \u2022 <br>Coralie Rahm.<\/p>\n\n\n\n<p>\u00ab \u00c9voquez et aimez votre propre c\u0153ur disait-il. L\u2019\u00catre humain n\u2019est pas ce que vous croyez, il vient d\u2019une grandeur et il retourne vers une grandeur et pour cela il a besoin parfois de travailler, d\u2019apprendre \u00e0 aimer en \u00e9tant accompagn\u00e9 \u00bb<strong>&nbsp;Luis Ansa<\/strong><\/p>\n\n\n\n<p>\u00ab&nbsp;<em>J\u2019aime les \u00eatres, je les aime comme vous pouvez difficilement imaginer. Je veux les voir pleurer chaque jour de bonheur, de musique, de lumi\u00e8re et de beaut\u00e9 comme moi j\u2019ai pleur\u00e9 de nombreuses fois lorsque mes yeux int\u00e9rieurs contemplent la bont\u00e9, l\u2019amour et la splendeur de la Cr\u00e9ation.<\/em>&nbsp;\u00bb<\/p>\n\n\n\n<p>\u2014&nbsp;<a href=\"https:\/\/7fblq.r.sp1-brevo.net\/mk\/cl\/f\/sh\/1t6Af4OiGsHKgLSDimEjC2YotJSDGm\/nefB3rwMpXGP\" target=\"_blank\" rel=\"noreferrer noopener\"><u>Omraam Mikha\u00ebl A\u00efvanhov<\/u><\/a><\/p>\n\n\n\n<hr class=\"wp-block-separator has-alpha-channel-opacity\"\/>\n\n\n\n<p>J&#8217;aborde ici, sur cette page, le parcours combin\u00e9 des 3 pratiques initiatiques d&#8217;accompagnement, regroup\u00e9es sous le nom \u201cL\u2019Art, Le Verbe\/Son et la Couleur\u201c* <br>(processus bien d\u00e9taill\u00e9 sur cette page).<\/p>\n\n\n\n<p>Tout mon travail s&#8217;articule dans un dialogue autour de l&#8217;univers du sensible &#8211; <br>Il m\u00eale <strong>Po\u00e9sie et v\u00e9rit\u00e9<\/strong>. <br>La po\u00e9sie est, pour moi, palpable ; me nourrir d&#8217;un imaginaire f\u00e9cond aid\u00e9 de dame Nature et entrer dans une vigilance vaste m&#8217;ouvre \u00e0 la cr\u00e9ation. <br>C&#8217;est pour moi, dans la douceur, le fluide ou le \u201cflow\u201c que se decristallise ce qui s&#8217;est, nou\u00e9, amalgam\u00e9, ce qui est entr\u00e9 en confusion\/collision et malentendu, en perte et en manque de rep\u00e8re ;<br>Car au coeur de cette po\u00e9sie, logent des forces tangibles. Elle est comme un ralentissement. Elle m&#8217;\u00e9voque la force de passage ondulatoire bienfaisante qui traverse et transforme incognito  &#8230;nos \u00e9tats internes. <br>Par sa structure toute singuli\u00e8re (en lien \u00e0 nos origines : la beaut\u00e9) la po\u00e9sie contact\u00e9e dans le corps passe la barri\u00e8re de nos cerveaux archa\u00efques. Elle ose, s affirme et shunte nos m\u00e9canismes primaires de d\u00e9fenses et de protection imm\u00e9diat.  <br>Elle est un Art.<br>Au son de ses mots, on y capte la force \u00e9vocatoire des images et couleurs dans sa force vibratoire. Et dans sa th\u00e9atralisation,  on y goute ainsi naturellement, sa force de propulsion et de nettoyage, \u00e9lectrique et magn\u00e9tique. Celle du son \u00e0 la mati\u00e8re. Ces forces l\u00e0, permettent le \u201cD\u00e9nouement\u201c heureux de nos vies, des vies autant chaotiques que sublimes.<br>C&#8217;est pour moi, comme aller du contract\u00e9 au d\u00e9li\u00e9  :<br>de  \u201cl&#8217;\u0153uvre d&#8217;art\u201c ou de la peinture au corps, et inversement puis, <br>du corps \u00e0 la voix, et inversement puis, <br>de la voix\/son <em>d\u00e9pos\u00e9(e) exprim\u00e9(e), enfin entendu(e), reconnu(e), et\/ou lib\u00e9r\u00e9(e<\/em> ) un instant \u00e0 la couleur <br>ET inversement. Il y a une relation constante. Il y a une alternance eternelle. Ca converge, une conversation&#8230;<\/p>\n\n\n\n<p>V\u00e9ritable \u0153uvre qui tend \u00e0 l&#8217;HARMONIE. <br>Voil\u00e0 de r\u00e9sum\u00e9, la synth\u00e8se de mon travail.<br>Dire OUI aux espaces o\u00f9 tout nourrit l&#8217;UN, l&#8217;UN nourrit l&#8217;autre.<br><\/p>\n\n\n\n<p><strong>A l&#8217;image de la vie qui pousse, nous pousse et grandit sans cesse, je reprends les termes d&#8217;une canalisation de Sylvain Didelot qui dit  \u201cje suis cette forme qui cherche \u00e0 s&#8217;\u00e9tendre et \u00e9tendre le meilleur d&#8217;elle-m\u00eame dans un principe fort de communaut\u00e9, dans un principe soud\u00e9 d&#8217;\u00e9change\u201c.<\/strong> <\/p>\n\n\n\n<p>&#8212;&#8212;&#8212;&#8212;&#8212;&#8212;&#8212;&#8212;&#8212;<\/p>\n\n\n\n<p><strong>Quelques mots sur l&#8217;intitul\u00e9<\/strong> :<\/p>\n\n\n\n<p><strong>Il y a l&#8217;Art<\/strong> et au DEDANS ; la couleur, la mati\u00e8re et la forme. <br>Ensemble, ils forment <strong>la trilogie<\/strong> qui nourrit l&#8217;Art. <br><strong>Il y a le Verbe<\/strong> <strong>(\/son)<\/strong> et au DEDANS, j&#8217;entends la parole, la m\u00e9lodie et\/ou le ton, le silence entre les mots puis, l\u2019\u00e9coute. <br>Ensemble, ils forment <strong>la trilogie<\/strong> qui nourrit le Verbe &amp; le Son.<br><strong>Il y a la Couleur <\/strong>et au DEDANS, la teinte qui appara\u00eet<em>.. Elle est directement li\u00e9e \u00e0 la longueur d\u2019onde de la couleu<\/em>r. Il y a le niveau de saturation <em>qui mesure la puret\u00e9 de la couleur<\/em> et la luminance<em>, aussi appel\u00e9e \u00ab\u202fbrillance\u202f\u00bb ou \u00ab\u202fvaleur\u202f\u00bb, qui indique le degr\u00e9 d\u2019intensit\u00e9 lumineuse d\u2019une couleur<\/em>. Mais dans la couleur, il y a surtout l&#8217;Unit\u00e9 qui s&#8217;est divis\u00e9 en plusieurs aspects.<br>Ensemble ; teinte ou longueur d&#8217;onde, saturation et luminance forment <strong>la trilogie<\/strong> qui nourrissent la couleur. <\/p>\n\n\n\n<p>Et entrem\u00eal\u00e9 nous obtenons une palette vivante et compl\u00e8te form\u00e9es par <strong>3 attributs <\/strong>; <br>\u201cl&#8217;Art, le Verbe\/son et la couleur\u201c. <br>Tous intrins\u00e8quement rejoint, comme pas s\u00e9par\u00e9<br>Et s&#8217;assimilant, cet ensemble parle au langage du <strong>corps \u201cHolistique\u201c<\/strong> ou corps engag\u00e9 et vu dans son enti\u00e8ret\u00e9. <br><strong>L&#8217;Art<\/strong> projet\u00e9 comme <em>un \u00e9tat d&#8217;\u00eatre<\/em>, <strong>Le verbe<\/strong> \u00e0 l&#8217;image d&#8217;un<em> son qui inlassablement cr\u00e9e la mati\u00e8re<\/em> et enfin <strong>La couleur<\/strong>, <em>une diffraction de la lumi\u00e8re<\/em>, c&#8217;est peut-\u00eatre comme toujours un peu plus apprendre \u00e0<strong> Etre <\/strong>(l&#8217;art d&#8217;\u00eatre)<strong> dans le Corps incarn\u00e9 <\/strong>(rendu visible gr\u00e2ce au son et au verbe) <strong>en lumi\u00e8re <\/strong>(dans le jeu paradoxale de la s\u00e9paration et du jeu divergent des couleurs)<strong>.<\/strong> <br>Et cela profond\u00e9ment touche notre Humanit\u00e9 int\u00e9rieur et ext\u00e9rieur..<br>La lumi\u00e8re y est ondoyante et mouvante, tout autant le corps de chair, tout autant l&#8217;\u00e9tat d&#8217;\u00eatre &#8211; Et tout \u00e0 l&#8217;int\u00e9rieur de ces 3 l\u00e0,  fluctue &#8211; cette combinaison aidant garder une ligne forte, un focus, une d\u00e9termination nu et aveugle dans un mouvement infini souple, qui ne peut qu&#8217;avoir une r\u00e9percussion honorable sur la mati\u00e8re.<br>ET la mati\u00e8re qui nous dit ; ton corps est \u201cchemin, v\u00e9hicule\u201c, il est \u201cprocessus\u201c. Il est tendu, ouvert, et dirig\u00e9  par un \u201cau-del\u00e0\u201c. Le corps se resaisi et se faisant, avec l&#8217;accord du coeur et de la conscience (derri\u00e8re), il gu\u00e9rit. Et c&#8217;est, au fur et \u00e0 mesure de son avanc\u00e9e et dans cette avanc\u00e9e que l&#8217; \u00e2me et le corps humain cheminent et se retrouvent-eux m\u00eame.<\/p>\n\n\n\n<p>&#8212;&#8212;-<\/p>\n\n\n\n<p><strong><em>\u00ab La connexion est la raison pour laquelle nous sommes ici ; c\u2019est elle qui donne sens et direction \u00e0 notre vie. \u00bb<\/em><\/strong><br>\u2014 Bren\u00e9 Brown<\/p>\n\n\n\n<p>&#8212;&#8212;&#8211;<\/p>\n\n\n\n<p>Dans cet intitul\u00e9 que je connecte  \u201cl&#8217;Art, le Verbe\/son et la couleur\u201c. Ces 3 fr\u00e9quences apparaissent comme <strong>3 ETAPES  <\/strong>duquel d\u00e9coule 3 accompagnements. Au dedans, libre \u00e0 chacun le chemin, soit j&#8217;engage <em>le triptyque, m&#8217;abandonnant au processus soit, je vis l\u2019Exp\u00e9rience d\u20191 pratique comme voix unique<\/em>.<\/p>\n\n\n\n<p>Le 1r. vient <strong>Nettoyer<\/strong> ; \u201c<strong>Nettoyer<\/strong> par la couleur\u201c c&#8217;est RENDRE Visible ce qui est d\u00e9j\u00e0 en \u00f4tant le \u201ctrop\u201c de nos vies. Juste rendre visible et se rendre visible gr\u00e2ce au processus alchimique r\u00e9v\u00e9l\u00e9 par la lumi\u00e8re\/couleur ; faite d&#8217;effluve et d&#8217;odeur. Travail avec le geste, l&#8217;\u00e9crit et le parfum de couleur.<\/p>\n\n\n\n<p>Le 2e vient <strong>Identifier<\/strong> ; \u201c<strong>Identifier<\/strong> par le Verbe et le Son\u201c c&#8217;est mieux savoir d&#8217;o\u00f9 je pars dans la vie, depuis QUI JE SUIS et non pas depuis mes blessures et petitesses. C&#8217;est aussi savoir d&#8217;o\u00f9 je pars depuis mes atouts\/forces et blessures de naissance (cr\u00e9ation d&#8217;un THEME de Naissance)  et\/ou depuis ma voix chant\u00e9e pour mieux assimiler ma vie et me Rediriger en VERITE.<\/p>\n\n\n\n<p>Le 3e vient <strong>Incarner<\/strong> ; <strong>\u201cIncarner par l&#8217;Art\u201c<\/strong> c&#8217;est RENDRE Visible et en mati\u00e8re, par la biais d&#8217;un tableau, l&#8217;Art de \u201cce qui se joue en moi\u201c et qui \u00e0 n\u00e9cessit\u00e9 d&#8217;\u00eatre Vu : une souffrance, une blessure.<br>Un message m&#8217;est d\u00e9livr\u00e9 par la peinture au travers de sa forme, sa couleur, sa densit\u00e9, son contraste, sa mati\u00e8re qu&#8217;elle me soit l\u00e9g\u00e8re, \u00e9paisse ou rugueuse . <br>Cela, pour davantage me laisser \u00eatre drain\u00e9, fluidifi\u00e9 par elle et toujours mieux laisser \u201ccouler\u201c cette mati\u00e8re \u201cillusoire\u201c que je semble \u00eatre. Une peinture aussi, pour voir et me voir autrement puis, ouvrir un imaginaire neuf ; celui de mon regard plong\u00e9, dans la toile.<\/p>\n\n\n\n<p>&#8212;&#8212;&#8212;&#8212;&#8212;&#8212;&#8212;&#8212;&#8212;<\/p>\n\n\n\n<p>Je me sens \u00eatre cet instrument au service de plus grand, connect\u00e9e au tron\u00e7on cosmo\/tellutique ou Ciel\/terre ; cr\u00e9atrice inspir\u00e9e pour la cr\u00e9ation et la transformation des structures de ce monde.<\/p>\n\n\n\n<p><strong>Les principes essentiels du tryptique peuvent \u00eatre :<\/strong><\/p>\n\n\n\n<ul>\n<li>Je tiens compte de l\u2019\u00eatre que je suis dans sa globalit\u00e9&nbsp;<\/li>\n\n\n\n<li>Je goute \u00e0 cette magie par l&#8217;Art ; prendre contact avec moi-m\u00eame dans la dimension du sensible&nbsp;<\/li>\n\n\n\n<li>La sensorialit\u00e9 ; Voix\/Corps\/Couleur\/Identit\u00e9e  au prisme de la nuance ; Mouvement et v\u00e9rit\u00e9 &#8211; un retour au corps Artistique dont je me serai tant \u00e9loign\u00e9<\/li>\n\n\n\n<li>L\u2019expression du sentiment pour moi-m&#8217;aime qui m&#8217;am\u00e8ne un geste&nbsp;<\/li>\n\n\n\n<li>La porte pour \u00e9veiller l\u2019\u00e2me du corps propos\u00e9e est celle de la conscience, de la voix\/et ou du toucher pour rejoindre le mouvement  &#8211; tout l\u2019\u00eatre est concern\u00e9<\/li>\n\n\n\n<li>Le myst\u00e8re d&#8217;\u00eatre sinon retrouver un sentiment d\u2019\u00e9ternit\u00e9&nbsp;depuis un corps solidement incarn\u00e9<\/li>\n\n\n\n<li>Arroser, f\u00eater, c\u00e9l\u00e9brer en moi cette graine du sacr\u00e9 d\u00e9pos\u00e9e, lov\u00e9e &nbsp;<\/li>\n<\/ul>\n\n\n\n<p><\/p>\n\n\n\n<p>En bref, ..<\/p>\n\n\n\n<figure class=\"wp-block-image size-large\"><img loading=\"lazy\" decoding=\"async\" width=\"1024\" height=\"983\" src=\"https:\/\/geraldinefredon.com\/wp-content\/uploads\/2024\/03\/CADRE-Tryptique-1024x983.jpg\" alt=\"\" class=\"wp-image-94\" srcset=\"https:\/\/geraldinefredon.com\/wp-content\/uploads\/2024\/03\/CADRE-Tryptique-1024x983.jpg 1024w, https:\/\/geraldinefredon.com\/wp-content\/uploads\/2024\/03\/CADRE-Tryptique-300x288.jpg 300w, https:\/\/geraldinefredon.com\/wp-content\/uploads\/2024\/03\/CADRE-Tryptique-768x737.jpg 768w, https:\/\/geraldinefredon.com\/wp-content\/uploads\/2024\/03\/CADRE-Tryptique-62x60.jpg 62w, https:\/\/geraldinefredon.com\/wp-content\/uploads\/2024\/03\/CADRE-Tryptique.jpg 1181w\" sizes=\"(max-width: 1024px) 100vw, 1024px\" \/><\/figure>\n","protected":false},"excerpt":{"rendered":"<p>&#8220;L&#8217;Art est une des formes les plus puissantes de pri\u00e8re&#8221; \u2022 JULIA CAMERON Toutes les photos du site, (celles N&amp;B \u00e0 gauche) inscrites dans l&#8217;image &hellip; <\/p>\n","protected":false},"author":1,"featured_media":0,"parent":0,"menu_order":0,"comment_status":"closed","ping_status":"closed","template":"","meta":{"om_disable_all_campaigns":false,"_monsterinsights_skip_tracking":false,"_monsterinsights_sitenote_active":false,"_monsterinsights_sitenote_note":"","_monsterinsights_sitenote_category":0,"footnotes":""},"aioseo_notices":[],"_links":{"self":[{"href":"https:\/\/geraldinefredon.com\/index.php\/wp-json\/wp\/v2\/pages\/81"}],"collection":[{"href":"https:\/\/geraldinefredon.com\/index.php\/wp-json\/wp\/v2\/pages"}],"about":[{"href":"https:\/\/geraldinefredon.com\/index.php\/wp-json\/wp\/v2\/types\/page"}],"author":[{"embeddable":true,"href":"https:\/\/geraldinefredon.com\/index.php\/wp-json\/wp\/v2\/users\/1"}],"replies":[{"embeddable":true,"href":"https:\/\/geraldinefredon.com\/index.php\/wp-json\/wp\/v2\/comments?post=81"}],"version-history":[{"count":55,"href":"https:\/\/geraldinefredon.com\/index.php\/wp-json\/wp\/v2\/pages\/81\/revisions"}],"predecessor-version":[{"id":1884,"href":"https:\/\/geraldinefredon.com\/index.php\/wp-json\/wp\/v2\/pages\/81\/revisions\/1884"}],"wp:attachment":[{"href":"https:\/\/geraldinefredon.com\/index.php\/wp-json\/wp\/v2\/media?parent=81"}],"curies":[{"name":"wp","href":"https:\/\/api.w.org\/{rel}","templated":true}]}}