{"id":283,"date":"2024-11-03T15:18:33","date_gmt":"2024-11-03T14:18:33","guid":{"rendered":"https:\/\/geraldinefredon.com\/?page_id=283"},"modified":"2026-04-11T13:43:26","modified_gmt":"2026-04-11T11:43:26","slug":"or-ion","status":"publish","type":"page","link":"https:\/\/geraldinefredon.com\/index.php\/or-ion\/","title":{"rendered":"Or ion\/\u00e9motion*"},"content":{"rendered":"\n<figure class=\"wp-block-image size-large\"><img loading=\"lazy\" decoding=\"async\" width=\"1024\" height=\"329\" src=\"https:\/\/geraldinefredon.com\/wp-content\/uploads\/2024\/11\/FORMAT-Bandeau-rubriques-ORION-1024x329.jpg\" alt=\"\" class=\"wp-image-284\" srcset=\"https:\/\/geraldinefredon.com\/wp-content\/uploads\/2024\/11\/FORMAT-Bandeau-rubriques-ORION-1024x329.jpg 1024w, https:\/\/geraldinefredon.com\/wp-content\/uploads\/2024\/11\/FORMAT-Bandeau-rubriques-ORION-300x96.jpg 300w, https:\/\/geraldinefredon.com\/wp-content\/uploads\/2024\/11\/FORMAT-Bandeau-rubriques-ORION-768x247.jpg 768w, https:\/\/geraldinefredon.com\/wp-content\/uploads\/2024\/11\/FORMAT-Bandeau-rubriques-ORION-1536x494.jpg 1536w, https:\/\/geraldinefredon.com\/wp-content\/uploads\/2024\/11\/FORMAT-Bandeau-rubriques-ORION-2048x658.jpg 2048w, https:\/\/geraldinefredon.com\/wp-content\/uploads\/2024\/11\/FORMAT-Bandeau-rubriques-ORION-187x60.jpg 187w\" sizes=\"(max-width: 1024px) 100vw, 1024px\" \/><\/figure>\n\n\n\n<h5 class=\"wp-block-heading\">OR ION ou la couleur et le geste de ton \u00e9motion, ..<strong><em>\u201c<\/em><\/strong><br><\/h5>\n\n\n\n<h5 class=\"wp-block-heading\"><em><strong>La chose la plus courageuse que l&#8217;humain puisse faire est d\u2019oser plonger dans \u201cses\u201c blessures et d\u2019en prendre la responsabilit\u00e9<\/strong>. Ce, sans culpabilit\u00e9, puisque de tout temps  la blessure appartient \u00e0 toute l&#8217;humanit\u00e9 en lui.<\/em> Et cette \u0153uvre \u201cindividuelle\u201c rejoint la grande \u0153uvre collective. <\/h5>\n\n\n\n<p>\u201cLa gu\u00e9rison ne consiste pas forc\u00e9ment \u00e0 aller mieux, mais \u00e0 abandonner tout ce qui n\u2019est pas vous \u2013 toutes les attentes, toutes les croyances \u2013 et \u00e0 devenir qui vous \u00eates.\u00bb<em>&nbsp;<\/em><strong><em>\u2013 <\/em><\/strong><br>Rachel Naomi Reme<\/p>\n\n\n\n<p><em>\u201cNous passons notre existence \u00e0 qu\u00eater une oreille.&nbsp;Une oreille attentive, capable d&#8217;accueillir le d\u00e9p\u00f4t fragile de ce que nous traversons, tant dans le tumulte de la vie active que dans les m\u00e9andres de notre monde int\u00e9rieur. C&#8217;est une soif l\u00e9gitime.&nbsp;Nous sommes des \u00eatres de lien.&nbsp;Sans cet \u00e9change, sans cette r\u00e9sonance, notre vitalit\u00e9 s&#8217;\u00e9tiole et le sens de notre incarnation se dissout.\u201c <\/em><br>Anais Lebracq. Le c\u0153ur de soi<\/p>\n\n\n\n<h5 class=\"wp-block-heading\"><em>\u201c<\/em><strong><em>Lorsqu\u2019une partie de moi se sent aim\u00e9,&nbsp;elle s\u2019\u00e9veille \u00e0 sa propre gu\u00e9rison\u201d&nbsp;<\/em><\/strong><br>Kevin McEvenue &#8211; Wholebody Focusing<br><br><strong><em>Les couleurs sont des forces de la nature. Chacune a des vibrations d&#8217;une fr\u00e9quence d\u00e9termin\u00e9e et quand vous les imaginez, elles vous lient avec des r\u00e9gions c\u00e9lestes dont les qualit\u00e9s et les vertus sont bien d\u00e9termin\u00e9es, elles aussi. Plus belles vous pourrez les imaginer, plus vous recevrez des b\u00e9n\u00e9dictions. <\/em><\/strong><br><strong><em> cet exercice chaque jour. <\/em><\/strong><br><strong><em>Les couleurs contiennent des puissances. <\/em><\/strong><br><strong><em>Un jour, on soignera par les couleurs, <\/em><\/strong><br><strong><em>on \u00e9duquera les enfants par les couleurs, on voyagera dans l&#8217;espace par les couleurs.\u201c<\/em><\/strong> Omraam Mikha\u00ebl A\u00efvanhov<\/h5>\n\n\n\n<figure class=\"wp-block-image size-full\"><img loading=\"lazy\" decoding=\"async\" width=\"724\" height=\"1024\" src=\"https:\/\/geraldinefredon.com\/wp-content\/uploads\/2025\/10\/Orion-A4-1-724x1024-1.jpg\" alt=\"\" class=\"wp-image-1496\" srcset=\"https:\/\/geraldinefredon.com\/wp-content\/uploads\/2025\/10\/Orion-A4-1-724x1024-1.jpg 724w, https:\/\/geraldinefredon.com\/wp-content\/uploads\/2025\/10\/Orion-A4-1-724x1024-1-212x300.jpg 212w, https:\/\/geraldinefredon.com\/wp-content\/uploads\/2025\/10\/Orion-A4-1-724x1024-1-42x60.jpg 42w\" sizes=\"(max-width: 724px) 100vw, 724px\" \/><\/figure>\n\n\n\n<h1 class=\"wp-block-heading\">OR ION&nbsp;<\/h1>\n\n\n\n<h1 class=\"wp-block-heading\"><strong>De la Blessure \u00e0 la Lumi\u00e8re.&nbsp;<\/strong><\/h1>\n\n\n\n<h1 class=\"wp-block-heading\"><strong>L&#8217;art de Red\u00e9couvrir , R\u00e9\u00e9crire l Histoire&nbsp;<\/strong><\/h1>\n\n\n\n<h1 class=\"wp-block-heading\"><strong>OR ION&nbsp;<\/strong>ou la couleur de mon \u00e9motion, ..<\/h1>\n\n\n\n<h1 class=\"wp-block-heading\">Et si mon \u00e9motion filtrait une couleur ? (faite d&#8217;eau et de lumi\u00e8re\/feu, de terre et de ciel) ..pour m offrir ce geste, celui qui am\u00e8ne le mouvement neuf.<\/h1>\n\n\n\n<p>Or ion est l\u00e0 pour mieux identifier ce qui me freine ou me p\u00e8se aujourd\u2019hui<\/p>\n\n\n\n<ul>\n<li>comprendre les liens entre mon histoire et ce que je vis dans le pr\u00e9sent<\/li>\n\n\n\n<li>remettre du mouvement l\u00e0 o\u00f9 quelque chose est fig\u00e9<\/li>\n\n\n\n<li>retrouver des ressources tout aussi l\u00e9g\u00e8res que concr\u00e8tes pour avancer plus fluide<\/li>\n<\/ul>\n\n\n\n<p>Ce ne sont pas des espaces o\u00f9 je viens me raconter sans fin.<br>Ce sont des espaces pour comprendre par le corps et la lumi\u00e8re, la pr\u00e9sence, ressentir, transformer et repartir avec un \u00e9lan neuf, parfois tr\u00e8s fin et subtil.<\/p>\n\n\n\n<p>&#8212;-<\/p>\n\n\n\n<p><em>\u201c..OR ION c&#8217;est sentir cet accus\u00e9 de r\u00e9ception silencieux mais puissant,&nbsp;la dynamique de ce couple que je forme de moi \u00e0 moi et qui <em>doucement ou de mani\u00e8re fulgurante parfois, se transforme<\/em>. Ce couple illusoire que je dissocie ; mon ombre face \u00e0 ma lumi\u00e8re et inversement, et pourtant, les 2 faces d&#8217;une m\u00eame pi\u00e8ce\/r\u00e9alit\u00e9.&nbsp;<\/em><br><em>Car de cette alliance, rena\u00eet la confiance et\/ou se d\u00e9ploie une sensation alchimis\u00e9e. Enfin, j&#8217;existe sans avoir \u00e0 lutter. Et c&#8217;est d\u00e9j\u00e0 l\u00e0 tout un univers qui s&#8217;ouvre, se permet et inclus toutes ces parts \u00e9parses de moi.\u201c<\/em> <\/p>\n\n\n\n<p><em>\u201cLaisser les mots me retourner ou pas, r\u00e9sonner en moi, observer ce qu&#8217;ils font remonter de mes eaux int\u00e9rieures,&nbsp;en <strong>m&#8217;offrant du c\u0153ur sur mon oreille\u201c.<\/strong> <br>Ouvrir une autre fa\u00e7on d&#8217;habiter la relation de moi \u00e0 moi.&nbsp;<br>Faire vibrer la corde de l&#8217;intimit\u00e9 de moi \u00e0 moi et gouter ce plan Terre, sacr\u00e9.\u201c<\/em><br>L\u00e9g\u00e8rement r\u00e9\u00e9crit par mes soins d&#8217;Anais L. <strong>raccord \u00e0 la th\u00e9matique d&#8217;OR ION<\/strong>.<\/p>\n\n\n\n<p>En effet, accueillir la parole de l&#8217;autre et la p\u00e9trir \u00e9l\u00e9gamment \u00e0 l&#8217;image d&#8217;une p\u00e2te \u00e0 pain pour permettre sa lev\u00e9e et son d\u00e9ploiement est le travail Vuln\u00e9rable et poignant d&#8217;OR ION. <\/p>\n\n\n\n<p>Le corps, comme un espace de trace, d&#8217;\u00e9motion mais aussi de guidance et de sagesse. A l&#8217;\u00e9coute du corps, avec l&#8217;\u00e9crit, le geste, l&#8217;odeur, on va retourner la pens\u00e9e et dialoguer, gouter un sens diff\u00e9rent qui donnera une forme, laissera une empreinte en mati\u00e8re. Cet ensemble compos\u00e9 de couleurs\/lumi\u00e8re, de mots\/fr\u00e9quences, de mains aim\u00e9s vers soi et de grande pr\u00e9sence r\u00e9organise tranquillement la structure interne. Ce moment laisse un temps solo apr\u00e8s, laisser descendre ce qui a \u00e9t\u00e9 v\u00e9cu.<\/p>\n\n\n\n<p>Un espace joyeux et non douloureux, pour regarder autrement ce qui est v\u00e9cu par la part identifi\u00e9e, comprendre ce qui se joue, et repartir avec des cl\u00e9s de gr\u00e2ces impr\u00e9gn\u00e9es, sensibles et transformatrices jusqu\u2019\u00e0 transformation concr\u00e8te, mais surtout un pas apr\u00e8s l\u2019autre. <br>Me permettre ce potentiel cach\u00e9 derri\u00e8re la blessure, le r\u00e9v\u00e9ler par la couleur, puis recommencer chaque fois que je ressens une difficult\u00e9, un blocage qui m\u2019emp\u00eache d\u2019\u00eatre ou de faire.<br>Et cela peut-\u00eatre joyeux &#8230;<\/p>\n\n\n\n<p>&#8212;&#8212;<\/p>\n\n\n\n<p>Transmuter et passer de nos profondes empreintes de souffrance en source de lumi\u00e8re et de sagesse port\u00e9 par le geste.<br>Mes cicatrices a l image de ma carte au tr\u00e9sor&nbsp;<br>Prendre conscience : <strong>mon histoire danse et dans ses zones d&#8217;ombre, elle est ce qui me rend unique et me fait devenir ma plus grande force.<\/strong><br>Identifiez ce fil reliant mes blessures d&#8217;hier \u00e0 mes blocages\/frustrations d&#8217;aujourd&#8217;hui , et op\u00e9rer ce pont en lumi\u00e8re et reconnaissance.&nbsp;<br>Exp\u00e9rimentez un premier sentiment de paix en connectant cette raison d \u00eatre OMBRE\/LUMI\u00c8RE dans cette alchimie naturelle qu&#8217;est le parcours de vie ; cela avec douceur, compr\u00e9hension, mais surtout sensation.<br>Et peut-\u00eatre Repartir avec la conviction autrement plus \u00e9clair\u00e9s, que tout en l\u2019\u00e9tat \u00e0 sa raison d \u00eatre, qu&#8217;un autre chemin aussi est possible par la voix sublim\u00e9e de l alchimie color\u00e9e.<\/p>\n\n\n\n<figure class=\"wp-block-image size-large\"><img loading=\"lazy\" decoding=\"async\" width=\"1024\" height=\"925\" src=\"https:\/\/geraldinefredon.com\/wp-content\/uploads\/2025\/10\/Capture-decran-2025-10-13-a-15.06.29-1024x925.png\" alt=\"\" class=\"wp-image-1522\" srcset=\"https:\/\/geraldinefredon.com\/wp-content\/uploads\/2025\/10\/Capture-decran-2025-10-13-a-15.06.29-1024x925.png 1024w, https:\/\/geraldinefredon.com\/wp-content\/uploads\/2025\/10\/Capture-decran-2025-10-13-a-15.06.29-300x271.png 300w, https:\/\/geraldinefredon.com\/wp-content\/uploads\/2025\/10\/Capture-decran-2025-10-13-a-15.06.29-768x694.png 768w, https:\/\/geraldinefredon.com\/wp-content\/uploads\/2025\/10\/Capture-decran-2025-10-13-a-15.06.29-66x60.png 66w, https:\/\/geraldinefredon.com\/wp-content\/uploads\/2025\/10\/Capture-decran-2025-10-13-a-15.06.29.png 1140w\" sizes=\"(max-width: 1024px) 100vw, 1024px\" \/><\/figure>\n\n\n\n<p>&#8212;&#8212;&#8212;&#8212;&#8211;<\/p>\n\n\n\n<p>\u201cM&#8217;entendre c&#8217;est p\u00ealer toutes les couches de conditionnements que j&#8217;ai internalis\u00e9 et que j&#8217;ai cru \u00eatre moi. Etre souveraine c&#8217;est quand je m&#8217;entends\u201c Rubina <\/p>\n\n\n\n<p>Et c&#8217;est tout en couleur et en parfum que la m\u00e9thode OR ION nous y invite.<\/p>\n\n\n\n<p>&#8212;&#8212;&#8212;&#8212;&#8211; <\/p>\n\n\n\n<p>Si tu parlais \u00e0 ta blessure :<br>Oui, d\u2019o\u00f9 tu viens toi la blessure qui m habite et loge en moi un temps, qui vous \u00eates et combien vous \u00eates  ?<br>Les endroits o\u00f9 tu te cristallises dans mon corps, tu me montres et j&#8217;apprends \u00e0 te voir<br>Ce qui emp\u00eache ta lib\u00e9ration, la mienne et la n\u00f4tre ensemble, murmure moi et je vais pr\u00eater une oreille attentive<br>Les liens entre cette famille qui m\u2019a mise au monde et toi ma blessure, je les veux mien en douceur et honneur.<br>et me donner des outils heureux doux et profond \u00e0 la fois ; nous lib\u00e9rer et nettoyer mon corps<\/p>\n\n\n\n<p>je te vois et te laisse respirer. Je te permets d&#8217;exister maintenant et ainsi \u00e0 mesure que tu changes de forme, l&#8217;emprise de mon identification \u00e0 toi la blessure, la peur, se desserre et je vis comme un \u00e9largissement &#8211; Lorsque je viens \u00e0 toi, tu deviens alli\u00e9 et levier de mon souhait ardent : ma transformation et tu permets une renaissance par la dissolution amoureuse.<\/p>\n\n\n\n<p>&#8212;&#8212;&#8212;&#8212;-<\/p>\n\n\n\n<p>\u201cL&#8217;essai de gu\u00e9rison\u201c ou un partie de ce qui s&#8217;invite \u00e0 gu\u00e9rir ici, apparait gr\u00e2ce \u00e0 un jeu de transparence qui est le \u201cparfum de couleur\u201c dans un m\u00e9lange vibratoire tout sp\u00e9cifique \u00e9tudi\u00e9 pendant de longues ann\u00e9es avec une \u00e9quipe de chercheurs &#8211; une transparence, l\u00e0 o\u00f9 on se mets \u00e0 nue, sans voile et voir \u00e0 partir de l\u00e0 o\u00f9 \u00e7a en est maintenant en moi.&nbsp;<\/p>\n\n\n\n<p><strong>la couleur parle et agit sur :<\/strong><\/p>\n\n\n\n<p><strong>ton humeur,&nbsp;<\/strong><\/p>\n\n\n\n<p><strong>ta respiration et&nbsp;<\/strong><\/p>\n\n\n\n<p><strong>ta concentration.<\/strong><\/p>\n\n\n\n<p><strong>En r\u00e9alit\u00e9, l&#8217;amour est partout, potentiellement pr\u00e9sent pour chacun d&#8217;entre nous, sous de multiples formes.<\/strong><\/p>\n\n\n\n<p>Cependant, nos programmations dites \u201cn\u00e9gatives\u201c (sinon douloureuse dans leur v\u00e9cu)  ne nous permettent pas d&#8217;en faire pleinement l&#8217;exp\u00e9rience. Plus nos programmes limitants sont pr\u00e9sents et actifs, moins je peux accueillir l&#8217;amour en moi et autour de moi.<\/p>\n\n\n\n<p>L&#8217;odeur sp\u00e9cifiquement travaill\u00e9e renforce l&#8217;\u00e2me et l&#8217;esprit. Elle stimule la m\u00e9moire&nbsp;<\/p>\n\n\n\n<p>Le son renforce le canal central \u2026<\/p>\n\n\n\n<p>Le geste dans le toucher conscient apaise le syst\u00e8me archa\u00efque et enracine le processus<\/p>\n\n\n\n<p>Et \u00c7a doit \u00eatre nommer pour que \u00e7a s arr\u00eate sinon \u00e7a va recommencer&nbsp;<\/p>\n\n\n\n<p>\u00c7a doit \u00eatre \u00e9crit pour que \u00e7a s arr\u00eate sinon \u00e7a va recommencer&nbsp;<\/p>\n\n\n\n<p>\u00c7a doit \u00eatre sonoris\u00e9 pour que \u00e7a s arr\u00eate sinon \u00e7a va recommencer&nbsp;<\/p>\n\n\n\n<p>puis, sublimer, lover ou embrasser soit : vu, reconnu et entendu en l \u00e9tat.&nbsp;<\/p>\n\n\n\n<p>Si j&#8217;avais un souhait ; je me\/nous souhaite des horizons enthousiasmants ouvert, enivrants devant moi et une vie qui s\u2019adoucit toujours un peu plus.<\/p>\n\n\n\n\n\n<p><\/p>\n","protected":false},"excerpt":{"rendered":"<p>OR ION ou la couleur et le geste de ton \u00e9motion, ..\u201c La chose la plus courageuse que l&#8217;humain puisse faire est d\u2019oser plonger dans &hellip; <\/p>\n","protected":false},"author":1,"featured_media":0,"parent":0,"menu_order":0,"comment_status":"closed","ping_status":"closed","template":"","meta":{"om_disable_all_campaigns":false,"_monsterinsights_skip_tracking":false,"_monsterinsights_sitenote_active":false,"_monsterinsights_sitenote_note":"","_monsterinsights_sitenote_category":0,"footnotes":""},"aioseo_notices":[],"_links":{"self":[{"href":"https:\/\/geraldinefredon.com\/index.php\/wp-json\/wp\/v2\/pages\/283"}],"collection":[{"href":"https:\/\/geraldinefredon.com\/index.php\/wp-json\/wp\/v2\/pages"}],"about":[{"href":"https:\/\/geraldinefredon.com\/index.php\/wp-json\/wp\/v2\/types\/page"}],"author":[{"embeddable":true,"href":"https:\/\/geraldinefredon.com\/index.php\/wp-json\/wp\/v2\/users\/1"}],"replies":[{"embeddable":true,"href":"https:\/\/geraldinefredon.com\/index.php\/wp-json\/wp\/v2\/comments?post=283"}],"version-history":[{"count":45,"href":"https:\/\/geraldinefredon.com\/index.php\/wp-json\/wp\/v2\/pages\/283\/revisions"}],"predecessor-version":[{"id":1910,"href":"https:\/\/geraldinefredon.com\/index.php\/wp-json\/wp\/v2\/pages\/283\/revisions\/1910"}],"wp:attachment":[{"href":"https:\/\/geraldinefredon.com\/index.php\/wp-json\/wp\/v2\/media?parent=283"}],"curies":[{"name":"wp","href":"https:\/\/api.w.org\/{rel}","templated":true}]}}