{"id":1670,"date":"2025-11-21T14:23:20","date_gmt":"2025-11-21T13:23:20","guid":{"rendered":"https:\/\/geraldinefredon.com\/?page_id=1670"},"modified":"2026-01-08T10:48:11","modified_gmt":"2026-01-08T09:48:11","slug":"mon-parcours-en-details-pour-les-curieux","status":"publish","type":"page","link":"https:\/\/geraldinefredon.com\/index.php\/mon-parcours-en-details-pour-les-curieux\/","title":{"rendered":"MON PARCOURS , ..plus en d\u00e9tails"},"content":{"rendered":"\n<figure class=\"wp-block-image size-large\"><img loading=\"lazy\" decoding=\"async\" width=\"1024\" height=\"798\" src=\"https:\/\/geraldinefredon.com\/wp-content\/uploads\/2025\/11\/Capture-decran-2025-11-21-a-14.20.57-1024x798.png\" alt=\"\" class=\"wp-image-1671\" srcset=\"https:\/\/geraldinefredon.com\/wp-content\/uploads\/2025\/11\/Capture-decran-2025-11-21-a-14.20.57-1024x798.png 1024w, https:\/\/geraldinefredon.com\/wp-content\/uploads\/2025\/11\/Capture-decran-2025-11-21-a-14.20.57-300x234.png 300w, https:\/\/geraldinefredon.com\/wp-content\/uploads\/2025\/11\/Capture-decran-2025-11-21-a-14.20.57-768x599.png 768w, https:\/\/geraldinefredon.com\/wp-content\/uploads\/2025\/11\/Capture-decran-2025-11-21-a-14.20.57-77x60.png 77w, https:\/\/geraldinefredon.com\/wp-content\/uploads\/2025\/11\/Capture-decran-2025-11-21-a-14.20.57.png 1442w\" sizes=\"(max-width: 1024px) 100vw, 1024px\" \/><\/figure>\n\n\n\n<p><em>\u00ab&nbsp;L\u2019enfant est un souffle, un \u00e9clat d\u2019univers, un murmure du vent qui effleure la terre.<\/em><br><em>Il n\u2019a ni cha\u00eenes, ni peur, ni fardeau : il est la lumi\u00e8re qui danse sur l\u2019eau.<\/em><br><em>Sans questions, il vit, il respire, il cr\u00e9e, un flot libre, une onde, un \u00e9clat de&nbsp;<\/em><strong><em>v\u00e9rit\u00e9<\/em><\/strong><em>. Son&nbsp;<\/em><strong><em>essence pure<\/em><\/strong><em>&nbsp;suit l\u2019\u00e9lan du monde, une invitation douce, une m\u00e9lodie f\u00e9conde.<\/em><br><em>Chaque couleur qu\u2019il porte est une chanson, une palette de r\u00eaves, une vague d\u2019\u00e9motions.<\/em><br><em>Sans lutte, il surgit comme l\u2019aube \u00e9clatante, un myst\u00e8re vivant, une \u00e2me vibrante.<\/em><br><em>Oh, enfant ! Gardien de l\u2019instant, tu es le miroir de l\u2019<\/em><strong><em>\u00e9ternel pr\u00e9sent<\/em><\/strong><em>.&nbsp;<\/em><br><em>Puissions-nous, \u00e0 ton image, retrouver ce chemin, ce flot de vie libre, sans hier, ni demain<\/em>.<br><em>Un texte de Julie ann.&nbsp;<\/em><\/p>\n\n\n\n<p>\ud83d\udc46<\/p>\n\n\n\n<p>Dans ce court texte\/po\u00e8me, se conjugue parfaitement la synth\u00e8se de mes 3 uniques formations engag\u00e9es jusqu\u2019\u00e0 pr\u00e9sent.\u00a0<\/p>\n\n\n\n<ul>\n<li>L enfant int\u00e9rieur et\/ou le pardon \u00e0 soi, au monde et \u00e0 l humanit\u00e9 qui nous traverse,&nbsp;<\/li>\n\n\n\n<li>Le souffle de vie ; reprendre sa pleine inspire et expire, avancer toujours plus plein et en vie,\u00a0<\/li>\n\n\n\n<li>La couleur ; une puissance gracieuse lumineuse et diffract\u00e9e de notre essence au C\u0153ur du jeu et des miroirs, r\u00e9flecteurs sur Terre. <br><br>Et enfin,\u00a0<\/li>\n<\/ul>\n\n\n\n<p>J ajouterai du texte, le sujet qui aborde \u00ab\u00a0la chanson\u00a0\u00bb.  <br>Le chant qui m habite, in\u00e9e et naturel depuis jeune, sera au programme des mes prochaines formation,  m&#8217;offrir et offrir en retour un autre regard que le mien, consolider et croiser d&#8217;autre aspects et chemins.<\/p>\n\n\n\n<p>Tout est la.\u00a0<br>Alors, belle lecture de ce parcours de vie qui est mien et se poursuit (d\u00e9taill\u00e9e en contre bas). <br>Merci \u00e0 vous d \u00eatre l\u00e0 et au plaisir de votre partage, vous lire en retour<\/p>\n\n\n\n<p>\ud83d\udc47<\/p>\n\n\n\n<p><em>Ancienne graphiste-designer, illustratrice&nbsp;<\/em><\/p>\n\n\n\n<p><em>form\u00e9e en \u00e9cole d\u2019art sur Paris, je me d\u00e9finis&nbsp;<\/em><\/p>\n\n\n\n<p><em>aujourd\u2019hui comme une exploratrice infatigable,&nbsp;<\/em><\/p>\n\n\n\n<p><em>\u00e9veilleuse du vivant\u2026<\/em><\/p>\n\n\n\n<p><em>Convaincue que la \u201cbeaut\u00e9\u201c est partout, au c\u0153ur de la pr\u00e9sence&nbsp;<br>de l\u2019Humain et de la soci\u00e9t\u00e9 de demain, je tente d\u2019en faire une ressource&nbsp;<br>essentielle et vivante, porteuse de sens, c\u2019est pourquoi je propose aujourd\u2019hui un&nbsp;<\/em><\/p>\n\n\n\n<p><em>parcours reli\u00e9 de 3 pratiques regroup\u00e9es sous le nom&nbsp;&nbsp;:<\/em><\/p>\n\n\n\n<p><em>\u201cL\u2019Art, Le Verbe\/son et la Couleur\u201c<\/em><em><\/em><strong><\/strong><\/p>\n\n\n\n<p><em>Parce que je me sens passionn\u00e9e, cr\u00e9ative. Parce que l\u00e0&nbsp;<\/em><\/p>\n\n\n\n<p><em>est mon talent. Mon sens du sacr\u00e9 \u00e9taye ma vision&nbsp;<\/em><\/p>\n\n\n\n<p><em>aussi bien que ma pratique. Sans rel\u00e2che j\u2019\u0153uvre&nbsp;<\/em><\/p>\n\n\n\n<p><em>\u00e0 cr\u00e9er ma vie, sans rel\u00e2che je suis confront\u00e9e&nbsp;<\/em><\/p>\n\n\n\n<p><em>\u00e0 mes pr\u00e9cipices int\u00e9rieurs, sans rel\u00e2che j\u2019apprends&nbsp;<\/em><\/p>\n\n\n\n<p><em>\u00e0 m\u2019accueillir, sans rel\u00e2che nous apprenons, avec la vie&nbsp;<\/em><\/p>\n\n\n\n<p><em>\u00e0 nous accueillir.<\/em><\/p>\n\n\n\n<p><strong>\u2022<\/strong><\/p>\n\n\n\n<p><strong>Mon parcours&nbsp;<\/strong><strong>&nbsp;<\/strong><\/p>\n\n\n\n<p>Des ann\u00e9es de cheminement..<\/p>\n\n\n\n<p>Mon \u201c\u00eatre praticienne\u201c est un alliage de savoirs&nbsp;<\/p>\n\n\n\n<p>accumul\u00e9s et de ma vie elle-m\u00eame.&nbsp;<\/p>\n\n\n\n<p>Au gr\u00e8s de mes formations, lectures, rencontres&nbsp;<\/p>\n\n\n\n<p>et autres s\u00e9minaires, j\u2019ai appris, j\u2019apprends toujours,&nbsp;<\/p>\n\n\n\n<p>mais c\u2019est surtout mon parcours de vie, les joies et les&nbsp;<\/p>\n\n\n\n<p>blessures de mon enfance, de ma vie de femme,&nbsp;<\/p>\n\n\n\n<p>l\u2019engagement dans un couple\/partenaire de vie depuis plus de 20 ans,&nbsp;<\/p>\n\n\n\n<p>l\u2019inscription dans ma famille, ma communaut\u00e9,&nbsp;<\/p>\n\n\n\n<p>la mise au monde et l \u2018accompagnement de mes&nbsp;<\/p>\n\n\n\n<p>enfants et aussi toutes ces rencontres profondes avec les autres, mais aussi&nbsp;<\/p>\n\n\n\n<p>ma client\u00e8le m\u2019ont amen\u00e9 \u00e0 me parfaire en tant&nbsp;<\/p>\n\n\n\n<p>que praticienne artiste et faire de moi la douce&nbsp;<\/p>\n\n\n\n<p>tisseuse de ma vie.<\/p>\n\n\n\n<p>Du c\u00f4t\u00e9 des dipl\u00f4mes&nbsp;et certifications, j\u2019ai tout d\u00e9marr\u00e9&nbsp;<\/p>\n\n\n\n<p>\u00e0 Paris avec un&nbsp;bac artistique&nbsp;<em>(+ obtention du dipl\u00f4me de&nbsp;<\/em><\/p>\n\n\n\n<p><em>l\u2019\u00e9cole)<\/em>&nbsp;suivi d\u2019un BTS \u00e9dition\/graphisme ayant&nbsp;<\/p>\n\n\n\n<p>commenc\u00e9 ma carri\u00e8re en agence \u00e9ditoriale.<\/p>\n\n\n\n<p>Passionn\u00e9e depuis toujours par le non visible,&nbsp;<\/p>\n\n\n\n<p>l \u2018extra-ordinaire et dot\u00e9e d\u2019un canal intuitif, apr\u00e8s&nbsp;<\/p>\n\n\n\n<p>la naissance de mes enfants j\u2019ai profond\u00e9ment senti&nbsp;<\/p>\n\n\n\n<p>le devoir et l\u2019appel d\u2019une remise en route, autrement incarn\u00e9e pour ces m\u00e9tiers&nbsp;<\/p>\n\n\n\n<p>que je cat\u00e9gorise de \u201cl\u2019invisible\u201c, le cach\u00e9, le shado-work ou bien encore la m\u00e9decine des profondeurs&nbsp;;<br>ces m\u00e9tiers qui m\u00ealeront pour moi, l\u2019art au bien-\u00eatre. Cela, pour obtenir diverses&nbsp;<\/p>\n\n\n\n<p>certifications : \u00e0 travers l\u2019oratoire, l\u2019art du mieux voir,&nbsp;<\/p>\n\n\n\n<p>sc\u00e9nique et corporel, plastique, musical, \u00e0 travers&nbsp;le chant&nbsp;<\/p>\n\n\n\n<p>son improvisation&nbsp;<em>(15 ans de pratique)<\/em>&nbsp;et l\u2019art au F\u00e9minin,&nbsp;<\/p>\n\n\n\n<p>celui de l\u2019accueil juste et vuln\u00e9rable.<\/p>\n\n\n\n<p>J\u2019ai alors repris tout un cycle de&nbsp;formations&nbsp;<\/p>\n\n\n\n<p>\u201c Art et Bien-\u00eatre\u201c certifi\u00e9s.&nbsp;<\/p>\n\n\n\n<p>Je me suis form\u00e9e aupr\u00e8s de plusieurs centres.&nbsp;<\/p>\n\n\n\n<p>Le premier avec Marie-Laure Cauvin&nbsp;<em>(psychologue,<\/em><\/p>\n\n\n\n<p><em>psychoth\u00e9rapeute et art-th\u00e9rapeute)&nbsp;<\/em>avec&nbsp;<\/p>\n\n\n\n<p>\u201cLa m\u00e9thode d\u2019aquarelle du docteur Margarethe&nbsp;<\/p>\n\n\n\n<p>Hauschka\u201c&nbsp;qui retrace, \u00e0 travers le geste et la couleur<\/p>\n\n\n\n<p>, tout le parcours de notre d\u00e9veloppement individuel d\u2019humain.&nbsp;<\/p>\n\n\n\n<p>J\u2019ai poursuivi avec Gilles Olivier,&nbsp;<em>(chimiste et physicien&nbsp;<\/em><\/p>\n\n\n\n<p><em>quantique)<\/em>&nbsp;qui \u0153uvre depuis 15 ann\u00e9es avec Philippe&nbsp;<\/p>\n\n\n\n<p>Bobola et Jean-Pierre Garnier Mallet sur sa m\u00e9thode :&nbsp;<\/p>\n\n\n\n<p>Or*ion du centre Isis.&nbsp;Cette m\u00e9thode holistique par la lumi\u00e8re&nbsp;<\/p>\n\n\n\n<p><em>(substance divis\u00e9e color\u00e9e)<\/em>&nbsp;est une exp\u00e9rience th\u00e9rapeutique&nbsp;<\/p>\n\n\n\n<p>qui utilise des parfums fr\u00e9quentiels.&nbsp;<\/p>\n\n\n\n<p>Consciente de notre profond manque de comp\u00e9tence&nbsp;<\/p>\n\n\n\n<p>\u00e0 relationner et tout autant attir\u00e9e, aspir\u00e9e par la&nbsp;<\/p>\n\n\n\n<p>puissance du verbe, c\u2019est suite \u00e0 plusieurs stages avec Isa&nbsp;<\/p>\n\n\n\n<p>Padovani que j\u2019ai suivi les&nbsp;modules CNV&nbsp;<em>(Communication<\/em><\/p>\n\n\n\n<p><em>Non Violente)<\/em>&nbsp;ainsi que ceux de son coll\u00e8gue : \u201cThomas&nbsp;<\/p>\n\n\n\n<p>d\u2019Ansembourg\u201c. Puis, d\u00e9couvert lors d\u2019un sommet,&nbsp;<\/p>\n\n\n\n<p>j\u2019ai engag\u00e9 la formation&nbsp;\u201cCes petits mots\u201c<\/p>\n\n\n\n<p>de Fabien et Ma\u00eftie ;&nbsp;<em>changer un petit mot pour&nbsp;<\/em><\/p>\n\n\n\n<p><em>amener \u00e0 un changement d\u2019\u00e9tat, un changement&nbsp;<\/em><\/p>\n\n\n\n<p><em>de comportement, un changement de r\u00e9sultat.<\/em><\/p>\n\n\n\n<p>Profond\u00e9ment touch\u00e9e par la Vie, alors naturellement et tr\u00e8s vite interpell\u00e9e par la notion de \u201cmort\u201c&nbsp;<br>(<em>au sens propre comme au sens figur\u00e9 et la naissance des \u00eatres que nous sommes qui en d\u00e9coule)<\/em>&nbsp;j ai int\u00e9gr\u00e9 la&nbsp;f\u00e9d\u00e9ration JALMAVH<\/p>\n\n\n\n<p>qui forme \u00e0 l\u2019\u00e9coute profonde des \u201cmourants\u201c et des&nbsp;<\/p>\n\n\n\n<p>familles, sensibilisant au milieu de \u201cla fin de vie\u201c.<\/p>\n\n\n\n<p>A c\u00f4t\u00e9 de cet ensemble, mon parcours s\u2019est enrichi de<\/p>\n\n\n\n<p>multiples autres ressources autour de la symbolique,&nbsp;<\/p>\n\n\n\n<p>du sacr\u00e9 et de l\u2019initiatique avec le&nbsp;\u201cConseil et Cercle&nbsp;<\/p>\n\n\n\n<p>de femmes ; les 13 lunes\u201c*&nbsp;<em>(R\u00e9f. Claire Josan Meisel et&nbsp;<\/em><\/p>\n\n\n\n<p><em>Marianne Grasseli Mayer), que j\u2019ai anim\u00e9 2 fois, la 1<sup>\u00e8re<\/sup>&nbsp;en 2019&nbsp;<br>un joli petit groupe et un seconde fois en 2020 en DUO.&nbsp;<br>Je crois puissamment en la force du rassemblement humain.<\/em><\/p>\n\n\n\n<p>Puis dans le registre du sacr\u00e9 est venu l\u2019enseignement&nbsp;<\/p>\n\n\n\n<p>de Patrice Toursel,&nbsp;<em>(aujourd\u2019hui mon partenaire de vie, p\u00e8re de&nbsp;<\/em><\/p>\n\n\n\n<p><em>mes enfants et g\u00e9obiologue)&nbsp;<\/em>avec&nbsp;\u201cLa voie du tarot\u201c,&nbsp;<\/p>\n\n\n\n<p>ancien \u00e9l\u00e8ve d\u2019 Alexandro Jodorowsky et Marianne Costa.&nbsp;<\/p>\n\n\n\n<p>Enseignement appris au fil des ann\u00e9es v\u00e9cus \u00e0 ses c\u00f4t\u00e9s&nbsp;<\/p>\n\n\n\n<p>que je relie \u00e0 l\u2019astrologie de Charles-Rafa\u00ebl Payeur et&nbsp;<\/p>\n\n\n\n<p>\u00e0 la num\u00e9rologie vibratoire et fr\u00e9quentielle de Lucie Nolet.<\/p>\n\n\n\n<p>Depuis 2019, je suis de temps \u00e0 autre, avec bonheur, le programme&nbsp;<\/p>\n\n\n\n<p>\u201cOracles et Conte\u201c&nbsp;initi\u00e9 par Jean-Pascal Debailleul avec&nbsp;<\/p>\n\n\n\n<p>Martine faideau pour m\u00e9diatrice&nbsp;<em>(psychologue &#8211; analyste jungienne)<\/em>.&nbsp;<\/p>\n\n\n\n<p>J\u2019ai rejoint en 2021 la formation d\u2019Hannah&nbsp;<\/p>\n\n\n\n<p>Sembely : \u201cHO\u2019OPONOPONO\u201c&nbsp;pour un PARDON individuel&nbsp;<\/p>\n\n\n\n<p>et collectif des m\u00e9moires qui gisent encore vivantes&nbsp;<\/p>\n\n\n\n<p>dans notre pr\u00e9sent.<\/p>\n\n\n\n<p>2022 et 2023, deux grandes ann\u00e9es, o\u00f9 je parcours avec bonheur et \u00e0 plein poumon,&nbsp;<br>les pratiques respiratoires, hors du commun de la formation&nbsp;\u201cLes 7 souffles vitaux\u201c&nbsp;; l\u2019Art de respirer&nbsp;<\/p>\n\n\n\n<p>avec St\u00e9phane Ayrault.&nbsp;<\/p>\n\n\n\n<p><strong>\u2022<\/strong><\/p>\n\n\n\n<p><strong>Aujourd\u2019hui<\/strong>,<\/p>\n\n\n\n<p>J\u2019articule mon ann\u00e9e entre la pratique combin\u00e9e des&nbsp;<\/p>\n\n\n\n<p>3 offres regroup\u00e9es sous le nom&nbsp;&nbsp;de \u201c<strong>L\u2019Art, le Verbe\/son et la&nbsp;<\/strong><\/p>\n\n\n\n<p><strong>Couleur\u201c et quelques march\u00e9s de peintures \u00e0 l\u2019occasion.<\/strong><\/p>\n\n\n\n<p>Les 3 offres&nbsp;<strong>:&nbsp;<\/strong><em>Nettoyer nos blessures d\u2019adultes et d\u2019enfants, Identifier qui on est et Agir pour l\u2019incarner<\/em><strong>&nbsp;&nbsp;<\/strong><em><\/em><\/p>\n\n\n\n<p>Elles r\u00e9unissent donc la&nbsp;<strong>peinture inspir\u00e9e, l\u2019atelier sur la voix, le Th\u00e8me de naissance&nbsp;<\/strong>et la&nbsp;<\/p>\n\n\n\n<p><strong>th\u00e9rapie vibratoire par la couleur \u201cOR ION\u201c.<\/strong><\/p>\n\n\n\n<p><strong>\u2022<\/strong><\/p>\n\n\n\n<p><strong>A c\u00f4t\u00e9 de ce quotidien&nbsp;&nbsp;..<\/strong><\/p>\n\n\n\n<p>J\u2019 invite, occasionnellement \u00e0&nbsp;<\/p>\n\n\n\n<p>des&nbsp;<strong>ateliers collectifs et saisonniers autour de l\u2019Art.<\/strong><\/p>\n\n\n\n<p>C\u2019est au sein de notre maison familiale ou dans joli domaine pas tr\u00e8s loin, une belle b\u00e2tisse du 15<sup>e<\/sup>, un ancien moulin<br>que s\u2019articulent toutes les th\u00e9matiques de cet espace ouvert \u00e0 tous,&nbsp;<\/p>\n\n\n\n<p>autour de l\u2019art lunaire et plastique, l\u2019art g\u00e9om\u00e9trique,&nbsp;<\/p>\n\n\n\n<p>l\u2019art des chants indiens, de la danse libre et \u00e9cologique,&nbsp;<\/p>\n\n\n\n<p>des symboles-arch\u00e9types et,&nbsp;<em>..plus encore.<\/em><\/p>\n\n\n\n<p><strong>\u2022<\/strong><\/p>\n\n\n\n<p>Je suis toujours en chemin, dans l\u2019amour de moi m\u00eame,&nbsp;<\/p>\n\n\n\n<p>des miens, accompagn\u00e9e de mes superviseurs et&nbsp;<\/p>\n\n\n\n<p>m\u2019appuyant sur divers praticiens vers qui je me tourne&nbsp;<\/p>\n\n\n\n<p>pour avancer.<\/p>\n\n\n\n<p><em>..au plus proche de moi, ..au plus proche de vous, ..<\/em><\/p>\n","protected":false},"excerpt":{"rendered":"<p>\u00ab&nbsp;L\u2019enfant est un souffle, un \u00e9clat d\u2019univers, un murmure du vent qui effleure la terre.Il n\u2019a ni cha\u00eenes, ni peur, ni fardeau : il est &hellip; <\/p>\n","protected":false},"author":1,"featured_media":0,"parent":0,"menu_order":0,"comment_status":"closed","ping_status":"closed","template":"","meta":{"om_disable_all_campaigns":false,"_monsterinsights_skip_tracking":false,"_monsterinsights_sitenote_active":false,"_monsterinsights_sitenote_note":"","_monsterinsights_sitenote_category":0,"footnotes":""},"aioseo_notices":[],"_links":{"self":[{"href":"https:\/\/geraldinefredon.com\/index.php\/wp-json\/wp\/v2\/pages\/1670"}],"collection":[{"href":"https:\/\/geraldinefredon.com\/index.php\/wp-json\/wp\/v2\/pages"}],"about":[{"href":"https:\/\/geraldinefredon.com\/index.php\/wp-json\/wp\/v2\/types\/page"}],"author":[{"embeddable":true,"href":"https:\/\/geraldinefredon.com\/index.php\/wp-json\/wp\/v2\/users\/1"}],"replies":[{"embeddable":true,"href":"https:\/\/geraldinefredon.com\/index.php\/wp-json\/wp\/v2\/comments?post=1670"}],"version-history":[{"count":8,"href":"https:\/\/geraldinefredon.com\/index.php\/wp-json\/wp\/v2\/pages\/1670\/revisions"}],"predecessor-version":[{"id":1712,"href":"https:\/\/geraldinefredon.com\/index.php\/wp-json\/wp\/v2\/pages\/1670\/revisions\/1712"}],"wp:attachment":[{"href":"https:\/\/geraldinefredon.com\/index.php\/wp-json\/wp\/v2\/media?parent=1670"}],"curies":[{"name":"wp","href":"https:\/\/api.w.org\/{rel}","templated":true}]}}