{"id":127,"date":"2024-10-10T14:07:00","date_gmt":"2024-10-10T12:07:00","guid":{"rendered":"https:\/\/geraldinefredon.com\/?page_id=127"},"modified":"2026-04-23T18:38:18","modified_gmt":"2026-04-23T16:38:18","slug":"voix","status":"publish","type":"page","link":"https:\/\/geraldinefredon.com\/index.php\/voix\/","title":{"rendered":"voix*"},"content":{"rendered":"\n<p>Extrait musical &#8211; Mars 2023 \u2022 Une ode improvis\u00e9e de l&#8217;instant &#8211; <em>2 de mes voix .<\/em><\/p>\n\n\n\n<figure class=\"wp-block-audio\"><audio controls src=\"http:\/\/geraldinefredon.com\/wp-content\/uploads\/2024\/10\/Chant-eglise-0323.m4a\"><\/audio><\/figure>\n\n\n\n<figure class=\"wp-block-gallery has-nested-images columns-default is-cropped wp-block-gallery-1 is-layout-flex wp-block-gallery-is-layout-flex\">\n<figure class=\"wp-block-image size-large\"><img loading=\"lazy\" decoding=\"async\" width=\"1024\" height=\"329\" data-id=\"166\" src=\"https:\/\/geraldinefredon.com\/wp-content\/uploads\/2024\/10\/FORMAT-Bandeau-rubriques-VOIX-1024x329.jpg\" alt=\"\" class=\"wp-image-166\" srcset=\"https:\/\/geraldinefredon.com\/wp-content\/uploads\/2024\/10\/FORMAT-Bandeau-rubriques-VOIX-1024x329.jpg 1024w, https:\/\/geraldinefredon.com\/wp-content\/uploads\/2024\/10\/FORMAT-Bandeau-rubriques-VOIX-300x96.jpg 300w, https:\/\/geraldinefredon.com\/wp-content\/uploads\/2024\/10\/FORMAT-Bandeau-rubriques-VOIX-768x247.jpg 768w, https:\/\/geraldinefredon.com\/wp-content\/uploads\/2024\/10\/FORMAT-Bandeau-rubriques-VOIX-1536x494.jpg 1536w, https:\/\/geraldinefredon.com\/wp-content\/uploads\/2024\/10\/FORMAT-Bandeau-rubriques-VOIX-2048x658.jpg 2048w, https:\/\/geraldinefredon.com\/wp-content\/uploads\/2024\/10\/FORMAT-Bandeau-rubriques-VOIX-187x60.jpg 187w\" sizes=\"(max-width: 1024px) 100vw, 1024px\" \/><\/figure>\n<\/figure>\n\n\n\n<p><strong><em>Nulle voix ne peut emporter avec elle la langue et les l\u00e8vres qui lui ont donn\u00e9 des ailes. C\u2019est seule qu\u2019elle doit s\u2019aventurer dans l\u2019ETHER. C\u2019est seul et priv\u00e9 de son nid que l\u2019aigle vole devant le soleil.&nbsp;\u00bb<\/em><\/strong> <br>Khalil Gibran<br><br><em>\u201c<strong>Dans l\u2019immensit\u00e9 de l\u2019Univers, il existe des mondes fascinants, souvent m\u00e9connus, qui attendent d\u2019\u00eatre r\u00e9v\u00e9l\u00e9s\u201c.<\/strong> <\/em><br>Lise Chalifour<\/p>\n\n\n\n<p><strong><em>\u201cNous sommes con\u00e7ues pour canaliser la force charnelle de l\u2019Amour et inonder la trame du vivant de cette source pure\u201c<\/em><\/strong><br>Marthe d&#8217;Uteromoondo<br><\/p>\n\n\n\n<p><\/p>\n\n\n\n<p> <\/p>\n\n\n\n<figure class=\"wp-block-image size-large\"><img loading=\"lazy\" decoding=\"async\" width=\"724\" height=\"1024\" src=\"https:\/\/geraldinefredon.com\/wp-content\/uploads\/2025\/11\/VOIX-Atelier-724x1024.jpg\" alt=\"\" class=\"wp-image-1685\" srcset=\"https:\/\/geraldinefredon.com\/wp-content\/uploads\/2025\/11\/VOIX-Atelier-724x1024.jpg 724w, https:\/\/geraldinefredon.com\/wp-content\/uploads\/2025\/11\/VOIX-Atelier-212x300.jpg 212w, https:\/\/geraldinefredon.com\/wp-content\/uploads\/2025\/11\/VOIX-Atelier-768x1086.jpg 768w, https:\/\/geraldinefredon.com\/wp-content\/uploads\/2025\/11\/VOIX-Atelier-1086x1536.jpg 1086w, https:\/\/geraldinefredon.com\/wp-content\/uploads\/2025\/11\/VOIX-Atelier-1448x2048.jpg 1448w, https:\/\/geraldinefredon.com\/wp-content\/uploads\/2025\/11\/VOIX-Atelier-42x60.jpg 42w, https:\/\/geraldinefredon.com\/wp-content\/uploads\/2025\/11\/VOIX-Atelier-scaled.jpg 1810w\" sizes=\"(max-width: 724px) 100vw, 724px\" \/><\/figure>\n\n\n\n<hr class=\"wp-block-separator has-alpha-channel-opacity\"\/>\n\n\n\n<figure class=\"wp-block-image size-large\"><img loading=\"lazy\" decoding=\"async\" width=\"1024\" height=\"750\" src=\"https:\/\/geraldinefredon.com\/wp-content\/uploads\/2025\/11\/Capture-decran-2025-11-21-a-13.23.04-1024x750.png\" alt=\"\" class=\"wp-image-1668\" srcset=\"https:\/\/geraldinefredon.com\/wp-content\/uploads\/2025\/11\/Capture-decran-2025-11-21-a-13.23.04-1024x750.png 1024w, https:\/\/geraldinefredon.com\/wp-content\/uploads\/2025\/11\/Capture-decran-2025-11-21-a-13.23.04-300x220.png 300w, https:\/\/geraldinefredon.com\/wp-content\/uploads\/2025\/11\/Capture-decran-2025-11-21-a-13.23.04-768x562.png 768w, https:\/\/geraldinefredon.com\/wp-content\/uploads\/2025\/11\/Capture-decran-2025-11-21-a-13.23.04-1536x1125.png 1536w, https:\/\/geraldinefredon.com\/wp-content\/uploads\/2025\/11\/Capture-decran-2025-11-21-a-13.23.04-82x60.png 82w, https:\/\/geraldinefredon.com\/wp-content\/uploads\/2025\/11\/Capture-decran-2025-11-21-a-13.23.04.png 1756w\" sizes=\"(max-width: 1024px) 100vw, 1024px\" \/><\/figure>\n\n\n\n<p>Ce que vous entendez un peu plus haut dans l&#8217;extrait, n&#8217;est pas un d\u00e9sir de puret\u00e9, atteindre un au-del\u00e0, ce son qui sort ais\u00e9ment de ma bouche apparait \u00eatre le reflet d&#8217;une m\u00e9moire et une haleine \u00e0 \u00eatre et tendre vers plus d&#8217;harmonie .., rendu \u00e0 la vie, un genou pos\u00e9 \u00e0 terre, mains tendues. Il est une n\u00e9cessit\u00e9 pour moi et n&#8217;emp\u00eache en rien le grand paysage de mon humanit\u00e9, o\u00f9 tout me traverse ; du plus dur au plus subtil. Je tenais \u00e0 ouvrir cette parenth\u00e8se \u201cNUANCE\u201c, avant de d\u00e9velopper ce qui me meut dans le son et ce qui je vous y propose&#8230; <\/p>\n\n\n\n<p>Surement, nous identifions-nous, bien malgr\u00e9 nous \u00e0 un nom, pr\u00e9nom, une mission qui pourrait se traduire en \u00e9tiquette : th\u00e9rapeute, coach, artiste, \u00e9crivain, gu\u00e9risseur\u2026Et pourtant, les c\u00e9tac\u00e9s de nos oc\u00e9ans, dauphins, baleines auquel je me sens rattach\u00e9 pendant que je chante, semble enseigner une autre vision, une mission\/chemin qui ne s\u2019\u00e9crit pas, qui qq part se <strong>chante<\/strong>, se d\u00e9verse en m\u00e9lodie, (&#8230;une mission\/chemin, fonction ou habilet\u00e9, prenez le mot qui vous sierra, qui <strong>vibre pour vous).<\/strong> <br>C\u2019est une <strong>tonalit\u00e9<\/strong>&nbsp;\u00e0 incarner&nbsp;<strong>quand je suis moi, sans filtre, sans r\u00f4le, sans peur<\/strong> ; \u00e9couter une voix, ma voix, &#8230;au lieu de chercher une voie ..) Oser <strong>\u00e9mettre, Oser un chant originel<\/strong>, m\u00eame quand il d\u00e9tonne dans le monde d\u2019aujourd\u2019hui &#8230;Je ne suis jamais ici pour correspondre mais ici, peut-\u00eatre pour m&#8217;accorder, &nbsp;<strong>r\u00e9accorder le monde \u00e0 travers une\/ma vibration unique.<\/strong><\/p>\n\n\n\n<p>&#8212;&#8212;&#8212;<\/p>\n\n\n\n<p><strong><em>&#8220;J&#8217;ai constat\u00e9 qu&#8217;au milieu des plus grandes difficult\u00e9s, il y avait en moi un \u00eatre qui chantait.&#8221;<\/em><\/strong> Omraam Mikha\u00ebl A\u00efvanhov<\/p>\n\n\n\n<p>&#8212;&#8212;&#8212;<\/p>\n\n\n\n<p>T\u00e9moignage de vie, de Niaidis.&nbsp;<em>Qui aborde le th\u00e8me des relations comme j&#8217;aborderai le SON Le Son qui est pour moi, entrer en relation contante avec son environnement et donner qui on est.<\/em><br>\u201cAu bout de nos vies,&nbsp;ce ne sont pas les r\u00e9ussites,&nbsp;<br>les comptes en banque ou dipl\u00f4mes qui compteront.<br>Ce qui restera seront nos relations cultiv\u00e9es ou pas, les moments o\u00f9 j\u2019aurai \u00e9t\u00e9 vus, entendus et aim\u00e9s pour qui qui je suis en l\u2019\u00e9tat. Nos relations apparaissent \u00eatre ce foyer chaud, foyer immense de croissance et de d\u00e9veloppement vrai. Elles font grandir, construisent, nourrissent et transforment. Ces liens authentiques avec un partenaire, un enfant, un ami, un membre de la famille donnent \u00e0 la vie sa profondeur et son sens.\u201c Le light Langage que pratique NAIDIS fluidifie les liens dit-elle. <br>Elle ajoute&nbsp;:<br>\u201cIl agit au-del\u00e0 des mots et ouvre un espace de communication d\u2019\u00e2me \u00e0 \u00e2me, o\u00f9 l\u2019expression est pleinement accueillie.<br>O\u00f9 tu peux \u00eatre toi, dans toute ta v\u00e9rit\u00e9, et \u00eatre comprise\u201c. \u201cIl permet moins de malentendus, moins de non-dits, plus d\u2019amour authentique.<br>C\u2019est un espace o\u00f9 s\u2019exprimer et \u00eatre soi est accept\u00e9, o\u00f9 l\u2019exp\u00e9rience avec l\u2019autre devient ce qu\u2019il y a de plus pr\u00e9cieux.\u201c Alors elle interroge et nous pose cette question :<br>\u201cSuis-je pr\u00eate \u00e0 cr\u00e9er des relations plus profondes, authentiques et vibrantes, \u00e0 l\u2019int\u00e9rieur comme \u00e0 l\u2019ext\u00e9rieur ? Pour que, le moment venu, je n\u2019aies aucun regret, seulement la gratitude d\u2019avoir pleinement v\u00e9cu et aim\u00e9 sinon essay\u00e9, tent\u00e9.\u201c<\/p>\n\n\n\n<p>Un mot d&#8217;Issa Padovani sur la VOIX<br>\u201c<strong>Revenir \u00e0 ta voix.<\/strong><br>Non pas pour parler plus fort, ni pour convaincre.<br>Mais pour se d\u00e9poser.<br>Pour \u00e9couter&nbsp;<strong>le Son qui sait<\/strong>,<br>celui qui vient de plus loin que nos pens\u00e9es et qui, quand on lui fait place, nous remet debout, pr\u00e9sent\u00b7e, align\u00e9\u00b7e, vivant\u00b7e.<br>Un chemin doux, direct, incarn\u00e9,&nbsp;o\u00f9&nbsp;<strong>ta voix devient un pont<\/strong>&nbsp;entre ton monde int\u00e9rieur et ta vie concr\u00e8te.<br>O\u00f9 chaque son que tu poses devient une vibration d\u2019alignement, un geste de reliance, une pri\u00e8re en mouvement.<br>Chanter est puissant car c&#8217;est&nbsp;<strong>simple, vivant, vibratoire<\/strong>. <br>Ni th\u00e9orique, ni mentale :<br>tu&nbsp;<strong>entres en lien avec toi-m\u00eame par la vibration<\/strong>, par l\u2019\u00e9mission consciente de sons qui r\u00e9veillent des dimensions oubli\u00e9es de ton \u00eatre.<br><em>Et si ta voix redevenait ce pour quoi elle a \u00e9t\u00e9 con\u00e7ue ? <\/em><br><em>Un passage vers la clart\u00e9. Un outil d\u2019alignement. Un chemin de retour vers l\u2019essentiel.<\/em>\u201c<\/p>\n\n\n\n<p><strong>Quelques mots sur la Ma\u00efeutique Vocale <\/strong><em>(du site de Capucine Lafait-H\u00e9mard (Calah\u00e9e de son nom de sc\u00e8ne) :&nbsp;<\/em><\/p>\n\n\n\n<p>Le tambour r\u00e9sonne, profond,<br>Ses \u00e9chos nous rappellent au c\u0153ur de soi-m\u00eame,<br>Au creux de la Terre,<br>Murmure, bourdon l\u00e9ger, j\u2019invite \u00e0 la vibration int\u00e9rieure,<br>L\u2019\u00eatre devant moi descend peu \u00e0 peu dans son souffle,<br>L\u00e2chant le faire, la volont\u00e9, nos deux corps vibrent, face \u00e0 face,<br>J\u2019invite \u00e0 la danse du souffle,<br>La voix danse dans le corps, sur le souffle,<br>Le corps r\u00e9ceptacle, le corps redevenu temple. L\u2019\u00eatre redevient vibration,<br>Des perles de gr\u00e2ce coulent sur les joues devant moi,<br>Infinie tristesse d\u2019avoir \u00e9t\u00e9 si longtemps coup\u00e9.e de l\u2019\u00catre int\u00e9rieur,<br>Joie infinie des retrouvailles int\u00e9rieures,<br>La voix de la vuln\u00e9rabilit\u00e9, la voie de la vuln\u00e9rabilit\u00e9,<br>Voix tendre, si tendre, et puissante, si puissante,<br>La voix, subtil fil d\u2019araign\u00e9e, bient\u00f4t se d\u00e9ploie,<br>Elle d\u00e9ferle, immense, intense, majestueuse, souveraine,<br>La voix de l\u2019\u00catre emplit tout l\u2019espace,<br>Elle porte la m\u00e9moire, les intuitions, la gu\u00e9rison, l\u2019unit\u00e9,\u00a0<br>Elle s\u2019\u00e9lance vers le ciel et nourrit le monde qui avait soif d\u2019elle,<br>La terre veut boire chacune de nos voix, uniques,<br>Le tambour porte cette voix qui chevauche l\u2019air, libre et joyeuse,<br>Puissante, intense, \u00e9videnteTorrent de vie, torrent de gr\u00e2ce<br>,Puissante, intense, \u00e9videntePuis la voix redescend, paisible, l\u00e9g\u00e8re et profonde,<br>Le corps vibre dans tous ses confins, chaque cellule palpite,<br>La joie s\u2019est faite chair, la joie s\u2019est faite chant,<br>La voix dispara\u00eet dans la rivi\u00e8re souterraine des entrailles,<br>Le silence monte de cette pl\u00e9nitude et nous savourons la gr\u00e2ce,<br>Le silence, vibrant, plein, vivant.<\/p>\n\n\n\n<p><strong>Mot d&#8217;Ayla Schafer \u00e0 l&#8217;occasion d&#8217;une journ\u00e9e sur l&#8217;Ut\u00e9rus<\/strong>. 230426<br>\u201cEtre pr\u00eate et retisser mon ventre et ma gorge, revenant \u00e0 la fois \u00e0 la pl\u00e9nitude et au caract\u00e8re sacr\u00e9.<br>Ces temps m invitent en tant que femmes \u00e0 me rappeler l&#8217;importance de lib\u00e9rer et de r\u00e9cup\u00e9rer mon ut\u00e9rus et ma voix comme m\u00e9dicaments de transformation \u00e0 la fois personnelle et collective.<br>Les femmes ont \u00e9t\u00e9 silencieuses et r\u00e9duites au silence pendant trop longtemps &#8211; \u00e0 la fois de mani\u00e8re subtile et ouverte.\u00a0<br>Nos histoires, nos personnalit\u00e9s enti\u00e8res, nos d\u00e9sirs, nos visions, notre chagrin,\u00a0<br>notre joie et notre rage &#8211; sous-exprim\u00e9es, r\u00e9prim\u00e9es et dissoci\u00e9es pour la survie.\u00a0<br>Ces mod\u00e8les sont profonds.<br>\ud83c\udf1fMa voix n&#8217;est pas seulement sonore.<br>Elle est la pri\u00e8re vivante de ma lign\u00e9e.<br>Elle est le retour des femmes m\u00e9dicinales, des grands-m\u00e8res sages, des tisserands et des sorci\u00e8res qui ont parcouru cette terre avant moi.<br>Elle est mon pouvoir.<br>Elle est Mon choix, ma souverainet\u00e9.<br>Elle est Ma m\u00e9decine f\u00e9minine sacr\u00e9e.<br>Elle est un outil. Un catalyseur. Un sort.<br>Une limite. Un protecteur de ce qui est sacr\u00e9.<br>Et le r\u00e9cup\u00e9rer est un chemin d&#8217;initiation et de gu\u00e9rison profonde qui cr\u00e9e des changements profonds dans tous les domaines de ma vie en tant que femme.<br>Pour certaines part de moi, r\u00e9cup\u00e9rer ma voix, me ram\u00e8nera \u00e0 la petite fille \u00e0 l&#8217;int\u00e9rieur, celle qui a appris qu&#8217;il n&#8217;\u00e9tait pas s\u00fbr de parler, d&#8217;\u00eatre entendue, d&#8217;\u00eatre pleinement exprim\u00e9e.<br>Pour d&#8217;autres parst en moi, cela me transportera \u00e0 travers mon sang dans la m\u00e9moire de ma lign\u00e9e, restaurant la voix de la sorci\u00e8re, du tisserand et de la femme de m\u00e9decine.<br>Et pour certaines parts encore, cela m\u2019 am\u00e8nera \u00e0 une c\u00e9r\u00e9monie profonde avec ma vie, effacer les relations, les contrats et les accords qui m\u2019 ont demand\u00e9 de rester petit et d&#8217;abandonner ma v\u00e9rit\u00e9 la plus profonde.<br>La restauration de l&#8217;ut\u00e9rus et de la voix n&#8217;est pas une chose.<br>Elle est la gu\u00e9rison int\u00e9rieure de l&#8217;enfant.<br>Elle est la gu\u00e9rison ancestrale.<br>\u00ab\u00a0\u00ab\u00a0 la restauration de la sagesse de l&#8217;ut\u00e9rus.<br>\u00ab\u00a0\u00ab\u00a0la r\u00e9cup\u00e9ration de l&#8217;\u00e2me.<br>Et\u00a0\u00a0il est l\u00e0, le travail de ces temps en le chemin est sacr\u00e9 et je dis oui pour tous les endroits o\u00f9 ma voix a \u00e9t\u00e9 retenue, adoucie, r\u00e9duite au silence ou oubli\u00e9e.<br>La peur d&#8217;\u00eatre vu.\u00a0<br>Le resserrement dans ma gorge.\u00a0<br>Le doute de moi de ce que sait vrai. <br>La connaissance dans mon corps, que je n\u2019ai pas enti\u00e8rement reconnu et valid\u00e9. <br>Et la v\u00e9rit\u00e9, que je suis pr\u00eate \u00e0 arr\u00eater de m&#8217;abandonner.\u201c<\/p>\n\n\n\n<p>&#8212;&#8212;&#8212;<\/p>\n\n\n\n<p>Mon univers COULEUR SON ET VERBE\/INFORMATION <br>Un univers qui pourrait se r\u00e9sumer \u00e0 cette parabole d&#8217;Albert H. \ud83d\udc47 <br>(<em>l\u00e9g\u00e8rement r\u00e9\u00e9crite par mes soins)<\/em><\/p>\n\n\n\n<p>&#8220;Nous sommes des ondes sonores et lumineuses ralenties, un faisceau ambulant de fr\u00e9quences accord\u00e9es ou desaccord\u00e9es au cosmos. Nous sommes des \u00e2mes v\u00eatues de v\u00eatements biochimiques sacr\u00e9s et nos corps sont les instruments \u00e0 travers lesquels nos \u00e2mes jouent leur musique&#8221;&nbsp;Albert Einstein&nbsp;<\/p>\n\n\n\n<p>Alors, qq part dans ces espaces sonore d&#8217;\u00e9ternit\u00e9, on se laisse au pr\u00e9alable, \u00caTRE TOUCH\u00c9\u00b7E : par un regard, par la Nature, par un d\u00e9part, par une danse, par une musique, par l&#8217;art, par un sourire, par des larmes, par la Vie&#8230;&nbsp;Et Rester ouvert\u00b7e, \u00e9couter, (re-s)sentir tout ce qui me traverse. Et me laisser chanter et tournoyer, laisser mon corps se sculpter autrement et se mouvoir pour que la voix sorte &amp; exprime sa beaut\u00e9 en l\u2019\u00e9tat&nbsp;! Et de la, rena\u00eetre. Encore et encore. \u00catre touch\u00e9\u00b7e pour que mon chant et mon corps en offrande devienne pri\u00e8re.<\/p>\n\n\n\n<h6 class=\"wp-block-heading\">&#8220;Le son, le son vous aidera ! Les humains peuvent \u00e9mettre des sons de gu\u00e9rison pour la plan\u00e8te Terre. C\u2018est un baume de gu\u00e9rison que vous r\u00e9pandez sur cette plan\u00e8te, m\u00eame si rien ne vous semble bouger, m\u00eame si vos sens ne per\u00e7oivent rien, le son que vous cr\u00e9ez agit comme un coup de tonnerre dans un ciel lourd et opaque.<br>Ces sons ont cr\u00e9\u00e9 des canaux lumineux qui, \u00e0 la diff\u00e9rence des portails \u00e9nerg\u00e9tiques, sont de toute puret\u00e9. Un portail est semblable \u00e0 une autoroute, il ne filtre pas et c\u2019est bien ainsi car l\u00e0 est son r\u00f4le. Il permet une route entre le cosmos et la Terre, ouverte \u00e0 tous.<br>Les canaux lumineux cr\u00e9\u00e9s par vos sons ont une autre fonction. Ils permettent d\u2019envoyer une onde, une fr\u00e9quence in\u00e9gal\u00e9e sur la plan\u00e8te Terre. Cette fr\u00e9quence va instaurer les pr\u00e9mices d\u2019une nouvelle Terre ou plut\u00f4t d\u2019une nouvelle fa\u00e7on de fonctionner, d\u2019un nouveau regard qui touchera une partie de la population de ce monde. Le reste suivra, soyez-en s\u00fbrs.<br>La Terre change d\u2019\u00e9tat vibratoire et personne ne pourra l\u2019en emp\u00eacher ; elle est cependant grandement aid\u00e9e par l\u2019ouverture de vos c\u0153urs. N\u2019oublie pas : \u00ab&nbsp;Tout ce qui est en haut est comme ce qui est en bas&nbsp;\u00bb.<br>Extrait du dernier livre &#8221; d\u2019Anne Givaudan\u201c<\/h6>\n\n\n\n<p><br><br>&#8212;&#8212;-<br>Le vide (d&#8217;apparence qui m&#8217;entoure) est pour moi, plein de merveille ou de non merveille que je capte et retraduit en son. Il est, comme inscrit dans une densit\u00e9 de paix sinon de silence et\/ou non dit ; un espace constamment offert et \u00e0 ma\/notre\/ta disposition. <\/p>\n\n\n\n<p>Voil\u00e0 de retranscrit, le ressenti lorsque je chante.<\/p>\n\n\n\n<p>Selon la science dite \u201cquantique\u201c, quand on observe tout ce qui est vivant, au plus petit du plus petit, de l&#8217;infiniement petit, tout ce serait constitu\u00e9 de particules d&#8217;\u00e9nergies, des particules d&#8217;\u00e9nergie tout le temps en mouvement Et Si y a rien pour diriger ces particules d \u00e9nergie, elles vont partout et Nulle part.&nbsp;ET Pour que cette \u00e9nergie prenne une forme, il lui faut une information qui lui dise o\u00f9 aller et comment se comporter&nbsp;Et Cette \u00e9nergie prendra une Forme en fonction des mouvements qu elle va rencontrer c&#8217;est \u00e0 dire des vibrations qu elle va rencontrer.<\/p>\n\n\n\n<p> \ud83c\udf1f\u00c9clairer, \ud83c\udf1fchauffer et \ud83c\udf1fvivifi\u00e9e soutenu par \u201cCONSCIENCE, MOUVEMENT et TOUCHER\u201c seront l\u00e0 pour ouvrir le canal de votre voix.<\/p>\n\n\n\n<p>Je propose ici et tout d&#8217;abord un champ d&#8217;exploration*, une vision de par mon exp\u00e9rience et par la suite, un travail sur la voix \u00e0 partir de 4 grandes th\u00e9matiques et 3 piliers pour <strong>vous amener \u00e0 plus d\u2019espace et&nbsp;d\u2019immensit\u00e9 en vous, <\/strong>ET sentir \u201cqui vous \u00eates\u201c avec votre voix unique. Dans le corps ancr\u00e9, Souffler, se masser, s\u2019\u00e9tirer et respirer, bouger librement, sentir une base sonore pour voyager dans votre propre son. Votre voix : un socle calibr\u00e9 pour votre fr\u00e9quence de Gu\u00e9rison.<\/p>\n\n\n\n<hr class=\"wp-block-separator has-alpha-channel-opacity\"\/>\n\n\n\n<p><em>\u00ab Il y a un cri, un appel au plus profond de mon c\u0153ur qui veut \u00eatre entendu. J\u2019aspire \u00e0 la lib\u00e9ration de ma voix et de mon \u00e2me, \u00e0 red\u00e9couvrir la grandeur de qui je suis vraiment, en tant que force de la plus haute vibration et de la plus haute cr\u00e9ation. <\/em>\u00bb <br>Karina Schelde<\/p>\n\n\n\n<p>&#8212;&#8212;&#8212;&#8212;&#8212;&#8212;&#8212;&#8212;&#8212;<\/p>\n\n\n\n<p>Les piliers de la voix peuvent \u00eatre CONSCIENCE, MOUVEMENT, TOUCHER <\/p>\n\n\n\n<p>CONSCIENCE \/=Pr\u00e9sence de ce corps entier, habit\u00e9 comme instrument vibratoire et corps de fr\u00e9quence, conscience de son confort ou non, de sa posture, de qui il est et de quoi il est compos\u00e9 ; il est v\u00e9hicule de ma vie &amp; v\u00e9hicule qui je suis. Il est un contenant qui se laisse traverser \/ MOUVEMENT \u00e0 360C\u00b0 dans l \u00e9tirement du corps, dans le souffle inspire\/expire, dans sa suspension et mouvement de la voix qui s&#8217;offre, qui expulse, qui murmure et fredonne, qui s&#8217;ouvre, se laisse chanter et s&#8217;immobilise, go\u00fbter un silence \/ TOUCHER qui on est, se laisser toucher, se masser, go\u00fbter sa pr\u00e9sence, gouter l enveloppe de ce corps instrument en l&#8217;\u00e9tat, en percevoir ses contours et me sentir solide dans ce corps\/v\u00e9hicule et instrument et gr\u00e2ce au TOUCHER sentir l os, l organe, le muscle, l&#8217;eau, les tendons, qui agisse pendant et en faveur du SON.<\/p>\n\n\n\n<p>Beaucoup de choses se passent dans une&nbsp;<strong>simplicit\u00e9 ; conscience,  mouvement et toucher<\/strong>. <\/p>\n\n\n\n<p><strong>Pr\u00e9sence et conscience sont la fondation<\/strong>. Sans conscience le mouvement est de la simple gymnastique et le toucher un simple contact. En amenant de la conscience et de la pr\u00e9sence, on commence \u00e0 ressentir, le physique et aussi l&#8217;\u00e9motionnel. En amenant de la pr\u00e9sence notre propre toucher se transforme en un soin nourrissant et mon corps et ma voix devient baume nourrissante et aimable.<\/p>\n\n\n\n<p>CONSCIENCE, MOUVEMENT, TOUCHER sont les 3 fondations avec lesquelles nous cheminons. <\/p>\n\n\n\n<p>&#8212;&#8212;&#8212;&#8212;&#8212;&#8212;&#8212;&#8212;&#8212;<\/p>\n\n\n\n<p>Avant m\u00eame de plonger au coeur de la voix, nous <strong>connectons le corps<\/strong>, nous saisissons <strong>l&#8217;impact du syst\u00e8me nerveux et surtout sa r\u00e9gulation par un souffle sp\u00e9cifique. La voix parts du bassin jusqu&#8217;\u00e0 s&#8217;extirper et jaillir de la m\u00e2choire<\/strong>.<\/p>\n\n\n\n<p>Plonger au coeur de cet Aller\/Retour ; Bassin\/Machoire et inversement connecte au corps entier et \u00e0 nos 7 diaphragmes. Des diaphragmes que nous revisiterons comme des ponts, des coquilles magiques, des ponts et fen\u00eatres de lumi\u00e8res qui am\u00e8nent vers un au-del\u00e0. <\/p>\n\n\n\n<p>Il y a l\u00e0 dans la bassin et la m\u00e2choire, 2 creusets alchimiques puissants. Tous 2 renferment nos m\u00e9moires, nos blessures, nos non dits, nos interdits. L&#8217;atelier se fait donc de fa\u00e7on <strong>progressive et guid\u00e9e<\/strong>.<\/p>\n\n\n\n<p>Il s&#8217;agira de reconnecter une corporalit\u00e9, nourrir une sensorialit\u00e9 \u201cporeuse\u201c, vuln\u00e9rable et \u00e0 votre rythme d\u00e9froisser, respirer, onduler, se d\u00e9ployer et sonoriser, vous dire, vous livrer. <\/p>\n\n\n\n<p>En mouvement et en s\u00e9curit\u00e9, enracin\u00e9e et en expansion, je lib\u00e8re l \u00e2me de ma voix.<br>C est un aller\/retour entre moi et la conscience. <br>C est un aller\/retour entre moi, la terre et le ciel, \u00e0 l&#8217;image d&#8217; un dialogue permanent. <\/p>\n\n\n\n<p>Tout sera dans le flux vivant d&#8217;un DONNER et d&#8217;un RECEVOIR vivant et indomptable dans ce ce principe cl\u00e9 de vie &#8211; un DUO surprenant que nous prendrons un temps \u00e0 red\u00e9finir. Une qualit\u00e9 de pr\u00e9sence face \u00e0 soi-m\u00eame ouvrira une qualit\u00e9 de connexion \u00e0 l&#8217;autre. <\/p>\n\n\n\n<p>Cet autre n&#8217;est autre qu&#8217;une part oubli\u00e9 de nous. Tout ce qui est trop difficile de ressentir en soi-m\u00eame sera, dans nos vies, forc\u00e9ment projet\u00e9 sur cet autre. iL y a la, l&#8217;illusion, du monde dans lequel nos vivons. Nous travaillerons donc aussi en DUO.<\/p>\n\n\n\n<p>La plong\u00e9e au coeur de cette voix peut \u00eatre&nbsp;<strong>intimidante. Et elle parlera avant tout de dialogue intime, de vous face \u00e0 vous m\u00eame. Cette voix port\u00e9e ravive et nous confronte \u00e0 des \u00e9motions enfouies au bassin (qui viennent se loger et se cristallisent dans la m\u00e2choire) qui peuvent \u00eatre inconfortable\u2026<\/strong>On d\u00e9noue alors, doucement mais surement.<\/p>\n\n\n\n<p>&#8212;&#8212;&#8212;&#8212;&#8212;&#8212;&#8212;&#8212;&#8212;<\/p>\n\n\n\n<p>La voix est susceptible  :<\/p>\n\n\n\n<p>\u2b50\ufe0f<strong>&nbsp;d&#8217;\u00eatre votre plus beau r\u00e9v\u00e9lateur par la r\u00e9sonance et la fr\u00e9quence qu&#8217;elle vous offre &#8211; Elle sera aussi une baume \u00e0 vos blessures<\/strong>.<\/p>\n\n\n\n<p>\u2b50\ufe0f<strong>&nbsp;d affirmer qui vous \u00eates et vous autoriser \u00e0 suivre vos \u00e9lans de vie<\/strong>.<\/p>\n\n\n\n<p>\u2b50\ufe0f<strong>&nbsp;d&#8217;ouvrir votre coeur et diffuser une puissante vibration qui vous ressemble<\/strong> &#8211; qui nourrit vous-m\u00eame, l&#8217;autre et le monde.<\/p>\n\n\n\n<p>&#8212;&#8212;&#8212;&#8212;&#8212;&#8212;&#8212;&#8212;&#8212;<\/p>\n\n\n\n<p><strong>La voix &amp; Moi<\/strong><\/p>\n\n\n\n<p>Je chante depuis une quinzaine d&#8217;ann\u00e9e. J&#8217;ai particip\u00e9 \u00e0 plusieurs chorales ; gospel, polyphonie, chant du monde et ai pris, dans ce cadre de gospel concert au plus 2 courts individuels. Au regard de mon parcours, chanter m&#8217;est, tr\u00e8s vite apparu comme un n\u00e9cessit\u00e9. <\/p>\n\n\n\n<p>Tous les jours sinon le plus r\u00e9guli\u00e8rement possible par un court son, un rythme et\/ou par une m\u00e9lodie qui me vient, je joue au jeu du chant et me livre et me d\u00e9livre. Avec ou sans instruments intuitifs tel que le Tong dream ou la Shruti box &#8211; Avec ou sans intention aussi, je vais m&#8217;ajuster, me r\u00e9actualiser par la voix, le mouvement corps\/instrument en me laissant \u201ccouler\u201c librement. Cela pour une meilleure sant\u00e9 g\u00e9n\u00e9rale, mieux me retrouver par le son pour mieux \u00eatre. Le son pour \u00eatre et m&#8217;offrir dans l&#8217;instant par exemple ou faire une offrande \u00e0 la terre. Et chanter pour ce qui appel et a n\u00e9cessit\u00e9 sans pour autant r\u00e9ussir \u00e0 le nommer. Il y a cette id\u00e9e que quelque chose tombe en soi, puis quelque chose g\u00eet, \u00e7a jaillit et agit autour, en direction de&#8230;.<\/p>\n\n\n\n<p>&#8212;&#8212;&#8212;&#8212;&#8212;&#8212;&#8212;&#8212;&#8212;<\/p>\n\n\n\n<p>Quelques br\u00e8ves \u00e9tudes sur le SON qui jettent un pont conscient, je trouve entre SCIENCE et structures QUANTIQUES et VIBRATOIRES de l&#8217;\u00eatre humain ; les recherches du physicien Patrick Drouot. <\/p>\n\n\n\n<p><blockquote class=\"wp-embedded-content\" data-secret=\"Spmms5Pqn7\"><a href=\"https:\/\/drouotp.com\/\">Accueil<\/a><\/blockquote><iframe class=\"wp-embedded-content\" sandbox=\"allow-scripts\" security=\"restricted\" style=\"position: absolute; clip: rect(1px, 1px, 1px, 1px);\" title=\"\u00ab\u00a0Accueil\u00a0\u00bb &#8212; Drouot Production\" src=\"https:\/\/drouotp.com\/embed\/#?secret=MkPu1swlpz#?secret=Spmms5Pqn7\" data-secret=\"Spmms5Pqn7\" width=\"600\" height=\"338\" frameborder=\"0\" marginwidth=\"0\" marginheight=\"0\" scrolling=\"no\"><\/iframe><\/p>\n\n\n\n<p>Je note aussi la pr\u00e9sence des travaux d&#8217;Ernest Chladni, p\u00e8re fondateur de l&#8217; accoustic moderne qui offre et d\u00e9montre un travail assez complet sur la puissance du son et son impact sur la mati\u00e8re : la mati\u00e8re qui s&#8217;assimile, ici \u00e0 notre corps physique.<\/p>\n\n\n\n<p><iframe loading=\"lazy\" title=\"Sons et Vibrations: Figures de Chladni\" width=\"840\" height=\"473\" src=\"https:\/\/www.youtube.com\/embed\/6kLmlbkWJZ8?feature=oembed\" frameborder=\"0\" allow=\"accelerometer; autoplay; clipboard-write; encrypted-media; gyroscope; picture-in-picture; web-share\" referrerpolicy=\"strict-origin-when-cross-origin\" allowfullscreen><\/iframe><\/p>\n\n\n\n<p>&#8212;&#8212;&#8212;&#8212;&#8212;&#8212;&#8212;&#8212;&#8212;<\/p>\n\n\n\n<p>Un champ d&#8217;exploration*<\/p>\n\n\n\n<p>Je relie au champs d&#8217;exploration l&#8217;\u00e9l\u00e9ment&nbsp;Ether aussi appel\u00e9&nbsp;\u201cAkasha\u201c&nbsp;&#8211;<\/p>\n\n\n\n<p>Texte ci-dessous inspir\u00e9 de Gabriel ethos, <em>r\u00e9\u00e9crit par mes soins<\/em>.<\/p>\n\n\n\n<p>Quand je chante ou parle, je me sens profond\u00e9ment reli\u00e9 \u00e0 ce qu on nomme l\u2019Akasha, qui dans la philosophie hindoue, est l&#8217;<strong>un des cinq \u00e9l\u00e9ments primordiaux<\/strong>, \u00e0 c\u00f4t\u00e9 de la terre, de l&#8217;eau, du feu et de l&#8217;air.&nbsp;Le terme &#8220;akasha&#8221; provient du sanskrit et signifie &#8220;\u00e9ther&#8221; ou &#8220;substance primordiale&#8221;. Il fait r\u00e9f\u00e9rence \u00e0 l&#8217;une des cinq essences subtiles qui impr\u00e8gnent l&#8217;univers tout entier.&nbsp;\u2728<\/p>\n\n\n\n<p>Ce terme \u00e9ther ou Akasha repr\u00e9sente l&#8217;espace, l&#8217;essence m\u00eame de l&#8217;existence qui relie tout.&nbsp;<\/p>\n\n\n\n<p>C&#8217;est le tissu m\u00eame de la r\u00e9alit\u00e9, la trame sur laquelle mon destin, mon histoire, chaque moment est brod\u00e9.&nbsp;&nbsp;Je peux envisager ce que l\u2019on nomme les \u201cArchives Akashiques\u201c comme un grand livre de vie pour l\u2019histoire de l\u2019ensemble du cosmos, o\u00f9 chacun porte en lui ses propres archives le reliant \u00e0 la Totalit\u00e9<\/p>\n\n\n\n<p>Comme ind\u00e9l\u00e9biles et \u00e9ternelles&nbsp;elles sont la m\u00e9moire du cosmos, la&nbsp;<strong>chronique intemporelle de tout ce qui est, a \u00e9t\u00e9, ou sera<\/strong>.&nbsp;<\/p>\n\n\n\n<p>Chaque rire, chaque larme, chaque espoir, chaque d\u00e9ception&#8230;&nbsp;tout y est inscrit.&nbsp;<\/p>\n\n\n\n<p>J Imagine une&nbsp;<strong>biblioth\u00e8que cosmique<\/strong>, vaste comme l&#8217;univers lui-m\u00eame.<\/p>\n\n\n\n<p>Ses \u00e9tag\u00e8res s&#8217;\u00e9tendent \u00e0 l&#8217;infini, et chaque livre est une galaxie, chaque page une \u00e9toile, chaque mot un monde.<\/p>\n\n\n\n<p>Dans cette immense sagesse se trouve notre histoire collective &#8211; pas seulement en tant qu&#8217;\u00eatres humains, mais en tant que particules de&nbsp;cette r\u00e9alit\u00e9 magnifique et interconnect\u00e9e.\u2028\u2028Dans cette mer d&#8217;\u00e9ternit\u00e9 qu&#8217;est l&#8217;Akasha, je ne suis pas simplement un passager.&nbsp;Je suis \u00e0 la fois l&#8217;auteur, le narrateur, et le personnage principal de mon propre \u00e9pop\u00e9e cosmique.&nbsp;\u2028\u2028Et mon histoire, avec ses triomphes et ses tribulations, est d&#8217;une valeur inestimable dans cette danse universelle de la cr\u00e9ation.<\/p>\n\n\n\n<p>Autrement dit, les Annales Akashiques apparaissent \u00eatre<\/p>\n\n\n\n<figure class=\"wp-block-table\"><table><tbody><tr><td><strong>Une source in\u00e9puisable de sagesse et de connaissance qui attend d&#8217;\u00eatre explor\u00e9e<\/strong><\/td><\/tr><tr><td>Chaque individu a acc\u00e8s \u00e0 ses propres annales, \u00e0 cette histoire unique qui lui est propre. <\/td><\/tr><\/tbody><\/table><\/figure>\n","protected":false},"excerpt":{"rendered":"<p>Extrait musical &#8211; Mars 2023 \u2022 Une ode improvis\u00e9e de l&#8217;instant &#8211; 2 de mes voix . Nulle voix ne peut emporter avec elle la &hellip; <\/p>\n","protected":false},"author":1,"featured_media":0,"parent":0,"menu_order":0,"comment_status":"closed","ping_status":"closed","template":"","meta":{"om_disable_all_campaigns":false,"_monsterinsights_skip_tracking":false,"_monsterinsights_sitenote_active":false,"_monsterinsights_sitenote_note":"","_monsterinsights_sitenote_category":0,"footnotes":""},"aioseo_notices":[],"_links":{"self":[{"href":"https:\/\/geraldinefredon.com\/index.php\/wp-json\/wp\/v2\/pages\/127"}],"collection":[{"href":"https:\/\/geraldinefredon.com\/index.php\/wp-json\/wp\/v2\/pages"}],"about":[{"href":"https:\/\/geraldinefredon.com\/index.php\/wp-json\/wp\/v2\/types\/page"}],"author":[{"embeddable":true,"href":"https:\/\/geraldinefredon.com\/index.php\/wp-json\/wp\/v2\/users\/1"}],"replies":[{"embeddable":true,"href":"https:\/\/geraldinefredon.com\/index.php\/wp-json\/wp\/v2\/comments?post=127"}],"version-history":[{"count":90,"href":"https:\/\/geraldinefredon.com\/index.php\/wp-json\/wp\/v2\/pages\/127\/revisions"}],"predecessor-version":[{"id":1917,"href":"https:\/\/geraldinefredon.com\/index.php\/wp-json\/wp\/v2\/pages\/127\/revisions\/1917"}],"wp:attachment":[{"href":"https:\/\/geraldinefredon.com\/index.php\/wp-json\/wp\/v2\/media?parent=127"}],"curies":[{"name":"wp","href":"https:\/\/api.w.org\/{rel}","templated":true}]}}